{"id":724,"date":"2011-08-28T18:50:51","date_gmt":"2011-08-28T17:50:51","guid":{"rendered":"http:\/\/fpmaaixmarseille.free.fr\/fpmaam\/?page_id=510"},"modified":"2011-08-28T18:50:51","modified_gmt":"2011-08-28T17:50:51","slug":"symbole-de-nicee-constantinople","status":"publish","type":"page","link":"https:\/\/fpmaam.org\/ministere\/decouvrir-2\/a-propos\/symbole-de-nicee-constantinople\/","title":{"rendered":"SYMBOLE DE NICEE-CONSTANTINOPLE &#8211; Fanekem-pinoana Nisea"},"content":{"rendered":"<p>Nous croyons en un seul Dieu, le P\u00e8re tout-puissant<br \/>\ncr\u00e9ateur du ciel et de la terre, de toutes les choses visibles et invisibles.<br \/>\nNous croyons en un seul Seigneur, J\u00e9sus-Christ,<br \/>\nle Fils unique de Dieu, n\u00e9 du P\u00e8re avant tous les si\u00e8cles<br \/>\nDieu venu de Dieu, lumi\u00e8re issu de la lumi\u00e8re,<br \/>\nvrai Dieu issu du vrai Dieu, engendr\u00e9 et non cr\u00e9\u00e9,<br \/>\nd\u2019une m\u00eame substance que le P\u00e8re et par qui tout a \u00e9t\u00e9 fait ;<br \/>\nqui pour nous les hommes et pour notre salut,<br \/>\nest descendu des cieux et s\u2019est incarn\u00e9 par le Saint-Esprit<br \/>\ndans la vierge Marie et a \u00e9t\u00e9 fait homme.<br \/>\nIl a \u00e9t\u00e9 crucifi\u00e9 pour nous sous Ponce Pilate,<br \/>\nil a souffert et il a \u00e9t\u00e9 mis au tombeau ;<br \/>\nil est ressuscit\u00e9 des morts le troisi\u00e8me jour,<br \/>\nconform\u00e9ment aux Ecritures ;<br \/>\nil est mont\u00e9 aux cieux o\u00f9 il si\u00e8ge \u00e0 la droite du P\u00e8re.<br \/>\nDe l\u00e0, il reviendra dans la gloire pour juger les vivants et les morts,et son r\u00e8gne n\u2019aura pas de fin.<br \/>\nNous croyons en l\u2019Esprit-Saint,<br \/>\nqui r\u00e8gne et qui donne la vie,<br \/>\nqui proc\u00e8de du P\u00e8re et du Fils,<br \/>\nqui a parl\u00e9 par les Proph\u00e8tes,<br \/>\nqui, avec le P\u00e8re et le Fils est ador\u00e9 et glorifi\u00e9.<br \/>\nNous croyons l\u2019Eglise une, sainte, universelle et apostolique.<br \/>\nNous confessons un seul bapt\u00eame pour la r\u00e9mission des p\u00e9ch\u00e9s ;<br \/>\nnous attendons la r\u00e9surrection des morts<br \/>\net la vie du monde \u00e0 venir.<br \/>\nAmen.<\/p>\n<p>\u201cIzaho mino an\u2019Andriamanitra tokana \/ Ray Tsitoha \/ nahary ny lanitra sy ny tany ary ny zavatra rehetra, na hita na ny tsy hita.<br \/>\nIzaho mino an\u2019i Jesoa Kristy Tompo tokana \/ Zanaka lahitok\u2019 Andriamanitra \/ teraky ny Ray talohan\u2019 izao rehetra izao.<br \/>\nAndriamanitra avy amin\u2019ny Andriamanitra \/ Fahazavana avy amin\u2019ny Fahazavana \/<br \/>\nAndriamanitra marina avy amin\u2019Andriamanitra marina \/ nateraka\u00a0 fa tsy natao \/ iray fomba amin\u2019ny Ray \/ Izy no nahariana izao rehetra izao \/ nidinina avy any an-danitra ho antsika olombelona sy ho famonjena antsika \/<br \/>\nary tonga nofo tao amin\u2019i Maria Virijiny noho ny herin\u2019ny Fanahy Masina \/ ka tonga olombelona \/ nohomboana tamin\u2019ny hozofijaliana ho antsika tamin\u2019ny andron\u2019ny Pontio Pilato \/ nijaly ary nalevina \/<br \/>\nNitsangana velona tamin\u2019ny andro fahatelo araka ny Soratra Masina \/ niakatra any an-danitra \/ mipetraka eo an-kavanan\u2019ny Ray \/ ary ho avy indray amim-boninahitra hitsara ny velona sy ny maty\u00a0 \/ ka tsy hanam-pahataperana ny Fanjakany \/ Izaho mino ny Fanahy Masina Tompo sy Mpamelona avy amin\u2019ny Ray sy ny Zanaka \/ itsaohana sy omem-boninahitra miaraka amin\u2019ny Ray sy ny Zanaka \/ ary niteny tamin\u2019ny vavan\u2019ny mpaminany \/<br \/>\nIzaho mino ny Fiangonana iray \/ Masina, manerana izao rehetra izao, araka ny fanorenan\u2019ny Apostoly \/<br \/>\nIzaho manaiky Batisa iray ho famelan-keloka \/ ary miandry ny fitsanganan\u2019ny maty sy ny fiainana ho avy.<br \/>\nAmena\u201d<\/p>\n","protected":false},"excerpt":{"rendered":"<p>Nous croyons en un seul Dieu, le P\u00e8re tout-puissant cr\u00e9ateur du ciel et [&hellip;]<\/p>\n","protected":false},"author":2,"featured_media":0,"parent":2,"menu_order":1,"comment_status":"open","ping_status":"open","template":"","meta":[],"_links":{"self":[{"href":"https:\/\/fpmaam.org\/ministere\/wp-json\/wp\/v2\/pages\/724"}],"collection":[{"href":"https:\/\/fpmaam.org\/ministere\/wp-json\/wp\/v2\/pages"}],"about":[{"href":"https:\/\/fpmaam.org\/ministere\/wp-json\/wp\/v2\/types\/page"}],"author":[{"embeddable":true,"href":"https:\/\/fpmaam.org\/ministere\/wp-json\/wp\/v2\/users\/2"}],"replies":[{"embeddable":true,"href":"https:\/\/fpmaam.org\/ministere\/wp-json\/wp\/v2\/comments?post=724"}],"version-history":[{"count":0,"href":"https:\/\/fpmaam.org\/ministere\/wp-json\/wp\/v2\/pages\/724\/revisions"}],"up":[{"embeddable":true,"href":"https:\/\/fpmaam.org\/ministere\/wp-json\/wp\/v2\/pages\/2"}],"wp:attachment":[{"href":"https:\/\/fpmaam.org\/ministere\/wp-json\/wp\/v2\/media?parent=724"}],"curies":[{"name":"wp","href":"https:\/\/api.w.org\/{rel}","templated":true}]}}