{"id":725,"date":"2011-08-28T18:52:48","date_gmt":"2011-08-28T17:52:48","guid":{"rendered":"http:\/\/fpmaaixmarseille.free.fr\/fpmaam\/?page_id=512"},"modified":"2011-08-28T18:52:48","modified_gmt":"2011-08-28T17:52:48","slug":"symbole-des-apotres-fanekem-pinoana-apostolika","status":"publish","type":"page","link":"https:\/\/fpmaam.org\/ministere\/decouvrir-2\/a-propos\/symbole-des-apotres-fanekem-pinoana-apostolika\/","title":{"rendered":"SYMBOLE DES APOTRES &#8211; Fanekem-pinoana apostolika"},"content":{"rendered":"<p>Je crois en Dieu, le P\u00e8re tout-puissant,<br \/>\ncr\u00e9ateur du ciel et de la terre.<br \/>\nJe crois en J\u00e9sus-Christ, son Fils unique, notre Seigneur,<br \/>\nqui a \u00e9t\u00e9 con\u00e7u du Saint-Esprit et qui est n\u00e9 de la vierge Marie ;<br \/>\nil a souffert sous Ponce Pilate ;<br \/>\nil a \u00e9t\u00e9 crucifi\u00e9, il est mort, il a \u00e9t\u00e9 enseveli,<br \/>\nil est descendu aux enfers* ;<br \/>\nle troisi\u00e8me jour il est ressuscit\u00e9 des morts ;<br \/>\nil est mont\u00e9 au ciel ;<br \/>\nil si\u00e8ge \u00e0 la droite de Dieu, le P\u00e8re tout-puissant ;<br \/>\nil viendra de l\u00e0 pour juger les vivants et les morts.<br \/>\nJe crois en l\u2019Esprit-Saint ;<br \/>\nje crois la sainte Eglise universelle,<br \/>\nla communion des saints,<br \/>\nla r\u00e9mission des p\u00e9ch\u00e9s,<br \/>\nla r\u00e9surrection de la chair et la vie \u00e9ternelle.<br \/>\nAmen.<\/p>\n<p>\u201cMino an\u2019Andriamanitra Ray Tsitoha Mpanao ny lanitra sy ny tany aho.<br \/>\nAry mino an\u2019i Jesoa Kristy Zanany Lahitokana Tompontsika \/ Izay notorontoronina tamin\u2019ny Fanahy Masina \/ nanterak\u2019i Maria Virijina \/ nijaly raha nanapaka Pontio Pilato \/ nohomboana tamin\u2019ny hazo fijaliana, \/ maty ka nalevina, nidina tany amin\u2019ny fiainan-tsi-hita \/ nitsangana tamin\u2019ny maty tamin\u2019ny andro fahatelo \/ niakatra ho any an-danitra, \/ mipetraka eo an-kavanan\u2019Andriamanitra Ray Tsitoha \/ avy any no hiavian\u2019ny hitsara ny velona sy ny maty \/ Mino ny Fanahy Masina, ny Fiangonana masina \/ manerana izao tontolo izao \/ ny fiombonan\u2019ny olona masina, ny famelan-keloka\u00a0 \/ ny fitsanganan\u2019ny tena amin\u2019ny maty ary ny fiainana mandrakizay. Amena\u201d<\/p>\n","protected":false},"excerpt":{"rendered":"<p>Je crois en Dieu, le P\u00e8re tout-puissant, cr\u00e9ateur du ciel et de la [&hellip;]<\/p>\n","protected":false},"author":2,"featured_media":0,"parent":2,"menu_order":2,"comment_status":"open","ping_status":"open","template":"","meta":[],"_links":{"self":[{"href":"https:\/\/fpmaam.org\/ministere\/wp-json\/wp\/v2\/pages\/725"}],"collection":[{"href":"https:\/\/fpmaam.org\/ministere\/wp-json\/wp\/v2\/pages"}],"about":[{"href":"https:\/\/fpmaam.org\/ministere\/wp-json\/wp\/v2\/types\/page"}],"author":[{"embeddable":true,"href":"https:\/\/fpmaam.org\/ministere\/wp-json\/wp\/v2\/users\/2"}],"replies":[{"embeddable":true,"href":"https:\/\/fpmaam.org\/ministere\/wp-json\/wp\/v2\/comments?post=725"}],"version-history":[{"count":0,"href":"https:\/\/fpmaam.org\/ministere\/wp-json\/wp\/v2\/pages\/725\/revisions"}],"up":[{"embeddable":true,"href":"https:\/\/fpmaam.org\/ministere\/wp-json\/wp\/v2\/pages\/2"}],"wp:attachment":[{"href":"https:\/\/fpmaam.org\/ministere\/wp-json\/wp\/v2\/media?parent=725"}],"curies":[{"name":"wp","href":"https:\/\/api.w.org\/{rel}","templated":true}]}}