{"id":1955,"date":"2014-01-20T00:00:30","date_gmt":"2014-01-20T00:00:30","guid":{"rendered":"https:\/\/fpmaam.org\/ministere\/?page_id=1955"},"modified":"2014-01-21T22:58:07","modified_gmt":"2014-01-21T22:58:07","slug":"tily-scouts","status":"publish","type":"page","link":"https:\/\/fpmaam.org\/ministere2\/sengager\/sections-sampana\/tily-scouts\/","title":{"rendered":"Tily &#8211; scouts"},"content":{"rendered":"<p><a href=\"https:\/\/fpmaam.org\/ministere\/wp-content\/uploads\/2014\/01\/IMG_0324.jpg\"><img loading=\"lazy\" decoding=\"async\" class=\"alignleft  wp-image-1965\" alt=\"IMG_0324\" src=\"https:\/\/fpmaam.org\/ministere\/wp-content\/uploads\/2014\/01\/IMG_0324-1024x764.jpg\" width=\"614\" height=\"458\" \/><\/a><\/p>\n<p>&nbsp;<\/p>\n<p>&nbsp;<\/p>\n<p>&nbsp;<\/p>\n<p>&nbsp;<\/p>\n<p>&nbsp;<\/p>\n<p>&nbsp;<\/p>\n<p>&nbsp;<\/p>\n<p>&nbsp;<\/p>\n<p>&nbsp;<\/p>\n<p>&nbsp;<\/p>\n<p>&nbsp;<\/p>\n<p>&nbsp;<\/p>\n<p>&nbsp;<\/p>\n<h1><strong>Nos objectifs :<\/strong><\/h1>\n<p>Eduquer et former chaque personne \u00e0 \u00eatre un serviteur de Dieu, responsable, active, autonome et d\u00e9brouillarde pour faire \u00e0 la vie.<\/p>\n<h1><strong>Le cadre d&rsquo;\u00e9ducation :<\/strong><\/h1>\n<p><a href=\"https:\/\/fpmaam.org\/ministere\/wp-content\/uploads\/2014\/01\/eclaireurs_et_eclaireuses_unionistes_de_france_redimensionne.jpg\"><img loading=\"lazy\" decoding=\"async\" class=\"alignleft  wp-image-1967\" alt=\"eclaireurs_et_eclaireuses_unionistes_de_france_redimensionne\" src=\"https:\/\/fpmaam.org\/ministere\/wp-content\/uploads\/2014\/01\/eclaireurs_et_eclaireuses_unionistes_de_france_redimensionne-150x150.jpg\" width=\"90\" height=\"90\" \/><\/a><\/p>\n<p>&nbsp;<\/p>\n<p>Une s\u00e9curit\u00e9 assur\u00e9e par l&rsquo;affiliation aux EEUDF<\/p>\n<p>&nbsp;<\/p>\n<p>&nbsp;<\/p>\n<p><a href=\"https:\/\/fpmaam.org\/ministere\/wp-content\/uploads\/2014\/01\/insignetily.jpg\"><img loading=\"lazy\" decoding=\"async\" class=\"alignleft size-full wp-image-1968\" alt=\"insignetily\" src=\"https:\/\/fpmaam.org\/ministere\/wp-content\/uploads\/2014\/01\/insignetily.jpg\" width=\"69\" height=\"68\" \/><\/a><a href=\"https:\/\/fpmaam.org\/ministere\/wp-content\/uploads\/2014\/01\/badge.gif\"> <img loading=\"lazy\" decoding=\"async\" class=\"alignleft size-full wp-image-1969\" alt=\"badge\" src=\"https:\/\/fpmaam.org\/ministere\/wp-content\/uploads\/2014\/01\/badge.gif\" width=\"68\" height=\"68\" \/><\/a><\/p>\n<p>&nbsp;<\/p>\n<p>Une \u00e9ducation Tily encadr\u00e9e par le FOIBE Tily ATY ANDAFY<\/p>\n<p>&nbsp;<\/p>\n<p>&nbsp;<\/p>\n<h2><\/h2>\n<h2><\/h2>\n<h2><\/h2>\n<h2><span style=\"color: #ff0000;\">Les responsables motiv\u00e9s sont l\u00e0 !!!<\/span><\/h2>\n<p>Venez partager avec nous<\/p>\n<p>des moments de jeux<\/p>\n<p>des techniques de scouts<\/p>\n<p>des activit\u00e9s spirituelles<\/p>\n<p>des chants<\/p>\n<p>&#8230; des rires \u00e0 profusion<\/p>\n<p>des activit\u00e9s !!!<\/p>\n<p>Pour une journ\u00e9e \/ un week end \/ au RNT \/ ou au camp d&rsquo;\u00e9t\u00e9<\/p>\n<p>&nbsp;<\/p>\n<h2><span style=\"color: #ff0000;\">Nous sommes tous convi\u00e9s !!!!<\/span><\/h2>\n<p>&nbsp;<\/p>\n<p>LES LOUVETAUX (8 \u00e0 12 ans)<\/p>\n<p>LES ECLAIREURS (12 \u00e0 16 ans)<\/p>\n<p>LES AINES (16 \u00e0 18 ans)<\/p>\n<p>LES NOUVEAUX RESPONSABLES MOTIVES<\/p>\n<p>LES ANCIENS TILY POUR VENIR NOUS AIDER<\/p>\n<p>LES PARENTS POUR NOUS EPAULER<\/p>\n<p>Contact : tily@fpmaam.org<\/p>\n<p>&nbsp;<\/p>\n<h1>Articles sur les scouts :<\/h1>\n<ul class=\"lcp_catlist\" id=\"lcp_instance_0\"><li><a href=\"https:\/\/fpmaam.org\/ministere2\/2023\/04\/29\/rnszm-szm-festival-family-18-au-21-mai-2023\/\">RNSZM : SZM Festival Family 18 au 21 mai 2023<\/a><a href=\"https:\/\/fpmaam.org\/ministere2\/2023\/04\/29\/rnszm-szm-festival-family-18-au-21-mai-2023\/\" title=\"RNSZM : SZM Festival Family 18 au 21 mai 2023\"><img loading=\"lazy\" decoding=\"async\" width=\"32\" height=\"32\" src=\"https:\/\/fpmaam.org\/ministere2\/wp-content\/uploads\/2023\/04\/croppedimage-cbd4bab44e604e66bc2517c465469012-150x150.png\" class=\"lcp_thumbnail wp-post-image\" alt=\"RNSZM : SZM Festival Family 18 au 21 mai 2023\" \/><\/a><\/li><li><a href=\"https:\/\/fpmaam.org\/ministere2\/2022\/01\/25\/serie-francophone-philippiens\/\">Serie francophone &#8211; Philippiens<\/a><a href=\"https:\/\/fpmaam.org\/ministere2\/2022\/01\/25\/serie-francophone-philippiens\/\" title=\"Serie francophone - Philippiens\"><img loading=\"lazy\" decoding=\"async\" width=\"32\" height=\"32\" src=\"https:\/\/fpmaam.org\/ministere2\/wp-content\/uploads\/2022\/01\/Copie-de-Faire-un-bilan-10-\u00d7-12-cm-2-150x150.png\" class=\"lcp_thumbnail wp-post-image\" alt=\"Serie francophone - Philippiens\" \/><\/a><\/li><li><a href=\"https:\/\/fpmaam.org\/ministere2\/2021\/12\/26\/mpamafy-noel-2021\/\">Mpamafy No\u00ebl 2021<\/a><a href=\"https:\/\/fpmaam.org\/ministere2\/2021\/12\/26\/mpamafy-noel-2021\/\" title=\"Mpamafy No\u00ebl 2021\"><img loading=\"lazy\" decoding=\"async\" width=\"32\" height=\"32\" src=\"https:\/\/fpmaam.org\/ministere2\/wp-content\/uploads\/2021\/12\/Mpamafy_2112-150x150.jpg\" class=\"lcp_thumbnail wp-post-image\" alt=\"Mpamafy No\u00ebl 2021\" \/><\/a><\/li><li><a href=\"https:\/\/fpmaam.org\/ministere2\/2021\/10\/17\/concert-bodo-2021\/\">Concert : Bodo 2021<\/a><a href=\"https:\/\/fpmaam.org\/ministere2\/2021\/10\/17\/concert-bodo-2021\/\" title=\"Concert : Bodo 2021\"><img loading=\"lazy\" decoding=\"async\" width=\"32\" height=\"32\" src=\"https:\/\/fpmaam.org\/ministere2\/wp-content\/uploads\/2021\/10\/bodo-e1635181714511-150x150.jpg\" class=\"lcp_thumbnail wp-post-image\" alt=\"Concert : Bodo 2021\" srcset=\"https:\/\/fpmaam.org\/ministere2\/wp-content\/uploads\/2021\/10\/bodo-e1635181714511-150x150.jpg 150w, https:\/\/fpmaam.org\/ministere2\/wp-content\/uploads\/2021\/10\/bodo-e1635181714511-300x300.jpg 300w, https:\/\/fpmaam.org\/ministere2\/wp-content\/uploads\/2021\/10\/bodo-e1635181714511-1024x1024.jpg 1024w, https:\/\/fpmaam.org\/ministere2\/wp-content\/uploads\/2021\/10\/bodo-e1635181714511-768x768.jpg 768w, https:\/\/fpmaam.org\/ministere2\/wp-content\/uploads\/2021\/10\/bodo-e1635181714511.jpg 1300w\" sizes=\"auto, (max-width: 32px) 85vw, 32px\" \/><\/a><\/li><li><a href=\"https:\/\/fpmaam.org\/ministere2\/2021\/10\/09\/linstant-travaux-du-3-octobre-2021-2\/\">L&rsquo;instant travaux : besoins pour samedi 16 octobre 2021<\/a><a href=\"https:\/\/fpmaam.org\/ministere2\/2021\/10\/09\/linstant-travaux-du-3-octobre-2021-2\/\" title=\"L&#039;instant travaux : besoins pour samedi 16 octobre 2021\"><img loading=\"lazy\" decoding=\"async\" width=\"32\" height=\"32\" src=\"https:\/\/fpmaam.org\/ministere2\/wp-content\/uploads\/2021\/10\/1-150x150.png\" class=\"lcp_thumbnail wp-post-image\" alt=\"L&#039;instant travaux : besoins pour samedi 16 octobre 2021\" \/><\/a><\/li><li><a href=\"https:\/\/fpmaam.org\/ministere2\/2021\/10\/02\/linstant-travaux-du-3-octobre-2021\/\">L&rsquo;instant travaux : besoins pour samedi 9 octobre 2021<\/a><a href=\"https:\/\/fpmaam.org\/ministere2\/2021\/10\/02\/linstant-travaux-du-3-octobre-2021\/\" title=\"L&#039;instant travaux : besoins pour samedi 9 octobre 2021\"><img loading=\"lazy\" decoding=\"async\" width=\"32\" height=\"32\" src=\"https:\/\/fpmaam.org\/ministere2\/wp-content\/uploads\/2021\/10\/1-150x150.png\" class=\"lcp_thumbnail wp-post-image\" alt=\"L&#039;instant travaux : besoins pour samedi 9 octobre 2021\" \/><\/a><\/li><li><a href=\"https:\/\/fpmaam.org\/ministere2\/2021\/06\/17\/graine-de-moutarde\/\">Graine de moutarde<\/a><a href=\"https:\/\/fpmaam.org\/ministere2\/2021\/06\/17\/graine-de-moutarde\/\" title=\"Graine de moutarde\"><img loading=\"lazy\" decoding=\"async\" width=\"32\" height=\"32\" src=\"https:\/\/fpmaam.org\/ministere2\/wp-content\/uploads\/2021\/06\/Copie-de-Copie-de-Affiche-13-juin-2021-graine-de-moutarde-FPMAAM-2-150x150.png\" class=\"lcp_thumbnail wp-post-image\" alt=\"Graine de moutarde\" srcset=\"https:\/\/fpmaam.org\/ministere2\/wp-content\/uploads\/2021\/06\/Copie-de-Copie-de-Affiche-13-juin-2021-graine-de-moutarde-FPMAAM-2-150x150.png 150w, https:\/\/fpmaam.org\/ministere2\/wp-content\/uploads\/2021\/06\/Copie-de-Copie-de-Affiche-13-juin-2021-graine-de-moutarde-FPMAAM-2-300x300.png 300w, https:\/\/fpmaam.org\/ministere2\/wp-content\/uploads\/2021\/06\/Copie-de-Copie-de-Affiche-13-juin-2021-graine-de-moutarde-FPMAAM-2.png 500w\" sizes=\"auto, (max-width: 32px) 85vw, 32px\" \/><\/a><\/li><li><a href=\"https:\/\/fpmaam.org\/ministere2\/2021\/05\/22\/recensement\/\">Recensement<\/a><a href=\"https:\/\/fpmaam.org\/ministere2\/2021\/05\/22\/recensement\/\" title=\"Recensement\"><img loading=\"lazy\" decoding=\"async\" width=\"32\" height=\"32\" src=\"https:\/\/fpmaam.org\/ministere2\/wp-content\/uploads\/2021\/05\/RECENSEMENT-1-150x150.png\" class=\"lcp_thumbnail wp-post-image\" alt=\"Recensement\" srcset=\"https:\/\/fpmaam.org\/ministere2\/wp-content\/uploads\/2021\/05\/RECENSEMENT-1-150x150.png 150w, https:\/\/fpmaam.org\/ministere2\/wp-content\/uploads\/2021\/05\/RECENSEMENT-1-300x300.png 300w, https:\/\/fpmaam.org\/ministere2\/wp-content\/uploads\/2021\/05\/RECENSEMENT-1-1024x1024.png 1024w, https:\/\/fpmaam.org\/ministere2\/wp-content\/uploads\/2021\/05\/RECENSEMENT-1-768x768.png 768w, https:\/\/fpmaam.org\/ministere2\/wp-content\/uploads\/2021\/05\/RECENSEMENT-1-1200x1200.png 1200w, https:\/\/fpmaam.org\/ministere2\/wp-content\/uploads\/2021\/05\/RECENSEMENT-1.png 1500w\" sizes=\"auto, (max-width: 32px) 85vw, 32px\" \/><\/a><\/li><li><a href=\"https:\/\/fpmaam.org\/ministere2\/2020\/12\/25\/mpamafy-noel-2020\/\">MPAMAFY NOEL 2020<\/a><a href=\"https:\/\/fpmaam.org\/ministere2\/2020\/12\/25\/mpamafy-noel-2020\/\" title=\"MPAMAFY NOEL 2020\"><img loading=\"lazy\" decoding=\"async\" width=\"32\" height=\"32\" src=\"https:\/\/fpmaam.org\/ministere2\/wp-content\/uploads\/2020\/12\/mpamafy-carre-150x150.jpg\" class=\"lcp_thumbnail wp-post-image\" alt=\"MPAMAFY NOEL 2020\" srcset=\"https:\/\/fpmaam.org\/ministere2\/wp-content\/uploads\/2020\/12\/mpamafy-carre-150x150.jpg 150w, https:\/\/fpmaam.org\/ministere2\/wp-content\/uploads\/2020\/12\/mpamafy-carre-300x300.jpg 300w, https:\/\/fpmaam.org\/ministere2\/wp-content\/uploads\/2020\/12\/mpamafy-carre-768x768.jpg 768w, https:\/\/fpmaam.org\/ministere2\/wp-content\/uploads\/2020\/12\/mpamafy-carre.jpg 800w\" sizes=\"auto, (max-width: 32px) 85vw, 32px\" \/><\/a><\/li><li><a href=\"https:\/\/fpmaam.org\/ministere2\/2020\/02\/08\/programme-culte-9-fevrier-2020\/\">Programme culte 9 f\u00e9vrier 2020<\/a><\/li><li><a href=\"https:\/\/fpmaam.org\/ministere2\/2020\/02\/03\/mpamafy-noel\/\">Mpamafy Noel<\/a><\/li><li><a href=\"https:\/\/fpmaam.org\/ministere2\/2018\/12\/28\/la-communaute-protestante-malgache-veut-son-temple\/\">La communaut\u00e9 protestante malgache veut son temple<\/a><\/li><li><a href=\"https:\/\/fpmaam.org\/ministere2\/2018\/10\/28\/zanaki-davida-miantso-ny-zanaki-timeo\/\">[Audio] Zanak\u2019i Davida miantso ny zanak\u2019i Timeo<\/a><\/li><li><a href=\"https:\/\/fpmaam.org\/ministere2\/2018\/10\/24\/formulaire-de-souscription-eglise\/\">Formulaire de souscription &#8211; \u00e9glise<\/a><\/li><li><a href=\"https:\/\/fpmaam.org\/ministere2\/2017\/09\/08\/week-end-couple\/\">Week end Couple<\/a><\/li><li><a href=\"https:\/\/fpmaam.org\/ministere2\/2017\/05\/16\/garden-party-jubile-60eme\/\">Garden Party &#8211; Jubil\u00e9 60eme<\/a><\/li><li><a href=\"https:\/\/fpmaam.org\/ministere2\/2017\/01\/07\/josefa-lehilay-marina-2-2\/\">[Audio] Fiangonana mitahiry zava-tsoa ao am-pony ary manambara zava- tsara amin&rsquo;ny vavany<\/a><\/li><li><a href=\"https:\/\/fpmaam.org\/ministere2\/2017\/01\/07\/josefa-lehilay-marina-2\/\">[Audio] Andriamanitra avy monina amintsika<\/a><\/li><li><a href=\"https:\/\/fpmaam.org\/ministere2\/2017\/01\/07\/josefa-lehilay-marina\/\">[Audio] Josefa, lehilay marina<\/a><\/li><li><a href=\"https:\/\/fpmaam.org\/ministere2\/2016\/12\/25\/programme-noely\/\">Programme No\u00ebly<\/a><\/li><li><a href=\"https:\/\/fpmaam.org\/ministere2\/2016\/12\/24\/programme-sasakalina-2016\/\">Programme Sasak&rsquo;alina 2016<\/a><\/li><li><a href=\"https:\/\/fpmaam.org\/ministere2\/2016\/11\/13\/60-ans-en-clip-video-maj\/\">60 ans  en clip-video [MAJ]<\/a><\/li><li><a href=\"https:\/\/fpmaam.org\/ministere2\/2016\/11\/13\/concours-de-lhymne-du-60e\/\">Concours de l&rsquo;hymne du 60\u00e8me [MAJ]<\/a><\/li><li><a href=\"https:\/\/fpmaam.org\/ministere2\/2016\/11\/13\/poeme-du-60eme-maj\/\">Po\u00e8me du 60eme [MAJ]<\/a><\/li><li><a href=\"https:\/\/fpmaam.org\/ministere2\/2016\/11\/13\/le-logo-60-ans-en-representation-graphique-maj\/\">Le LOGO \u00ab   60 ans en repr\u00e9sentation graphique \u00bb [MAJ]<\/a><\/li><li><a href=\"https:\/\/fpmaam.org\/ministere2\/2016\/11\/06\/culte-du-6-novembre-villars-aix-15h30\/\">!!! Culte du 6 novembre &#8211; Villars (Aix) &#8211; 16h30 !!!<\/a><\/li><li><a href=\"https:\/\/fpmaam.org\/ministere2\/2016\/10\/31\/samedi-5-novembre-rdv-la-parenthese-musicale\/\">Samedi 5 novembre &#8211; RDV &#8211; La Parenth\u00e8se Musicale<\/a><\/li><li><a href=\"https:\/\/fpmaam.org\/ministere2\/2016\/10\/02\/projet-jobily-60-jubile-60\/\">Projet Jobily 60 &#8211; Jubil\u00e9 60<\/a><\/li><li><a href=\"https:\/\/fpmaam.org\/ministere2\/2016\/08\/13\/une-eglise-temoin-une-eglise-qui-evangelise-14-4\/\">Une \u00e9glise t\u00e9moin, une \u00e9glise qui \u00e9vang\u00e9lise. (4\/4)<\/a><\/li><li><a href=\"https:\/\/fpmaam.org\/ministere2\/2016\/08\/10\/une-eglise-temoin-une-eglise-qui-evangelise-14-3\/\">Une \u00e9glise t\u00e9moin, une \u00e9glise qui \u00e9vang\u00e9lise. (3\/4)<\/a><\/li><li><a href=\"https:\/\/fpmaam.org\/ministere2\/2016\/08\/05\/une-eglise-temoin-une-eglise-qui-evangelise-14-2\/\">Une \u00e9glise t\u00e9moin, une \u00e9glise qui \u00e9vang\u00e9lise. (2\/4)<\/a><\/li><li><a href=\"https:\/\/fpmaam.org\/ministere2\/2016\/08\/04\/une-eglise-temoin-une-eglise-qui-evangelise-14\/\">Une \u00e9glise t\u00e9moin, une \u00e9glise qui \u00e9vang\u00e9lise. (1\/4)<\/a><\/li><li><a href=\"https:\/\/fpmaam.org\/ministere2\/2016\/05\/28\/rdv-5-juin-2015-culte-et-concert-de-louanges\/\">RDV 5 juin 2016 : Culte et concert de louanges<\/a><\/li><li><a href=\"https:\/\/fpmaam.org\/ministere2\/2016\/04\/06\/grand-concert-amafi-chorale-9-avril-2016\/\">Grand concert AMAFI &#8211; Chorale &#8211; 9 avril 2016<\/a><\/li><li><a href=\"https:\/\/fpmaam.org\/ministere2\/2016\/04\/05\/mpamafy-paques-disponible\/\">Mpamafy P\u00e2ques disponible<\/a><\/li><li><a href=\"https:\/\/fpmaam.org\/ministere2\/2016\/04\/04\/aoka-izay-ny-tahotra-izaho-ilay-velona-mandrakizay-audio\/\">Aoka izay ny tahotra&#8230;, Izaho ilay Velona mandrakizay &#8211; Audio<\/a><\/li><li><a href=\"https:\/\/fpmaam.org\/ministere2\/2016\/03\/28\/paska-kristy-velona-ho-antsika-audio\/\">Paska: Kristy velona ho antsika &#8211; Audio<\/a><\/li><li><a href=\"https:\/\/fpmaam.org\/ministere2\/2016\/03\/15\/journee-mission-samedi-19-mars-2016\/\">Journ\u00e9e mission &#8211; samedi 19 mars 2016<\/a><\/li><li><a href=\"https:\/\/fpmaam.org\/ministere2\/2016\/02\/17\/fpmaam-2016-taonanny-fanoloran-tena-annee-de-lengagement\/\">FPMAAM 2016 : Taonan&rsquo;ny fanoloran-tena &#8211; Ann\u00e9e de l&rsquo;engagement &#8211; audio<\/a><\/li><li><a href=\"https:\/\/fpmaam.org\/ministere2\/2015\/12\/31\/fiangonana-mitombo-fahendrena-sy-tena-ary-fahasoavana-audio\/\">Fiangonana mitombo fahendrena sy tena ary fahasoavana\u00a0&#8211; audio<\/a><\/li><li><a href=\"https:\/\/fpmaam.org\/ministere2\/2015\/12\/31\/noely-famirapiratanny-voninahitrandriamanitra-audio\/\">Noely famirapiratan&rsquo;ny Voninahitr\u2019Andriamanitra\u00a0&#8211; Audio<\/a><\/li><li><a href=\"https:\/\/fpmaam.org\/ministere2\/2015\/12\/31\/message-dencouragement-pour-le-pasteur-fpma\/\">Message d&rsquo;encouragement pour le pasteur FPMA &#8211; audio<\/a><\/li><li><a href=\"https:\/\/fpmaam.org\/ministere2\/2015\/12\/31\/message-du-dimanche-du-faritany-audio\/\">Message du Dimanche du Faritany &#8211; audio<\/a><\/li><li><a href=\"https:\/\/fpmaam.org\/ministere2\/2015\/12\/09\/concert-de-noel-2015\/\">Concert de No\u00ebl 2015<\/a><\/li><li><a href=\"https:\/\/fpmaam.org\/ministere2\/2015\/11\/17\/chorale-concert-et-comedie-musicale-sedra\/\">Chorale  &#8211; CONCERT et com\u00e9die musicale \u00ab SEDRA \u00bb<\/a><\/li><li><a href=\"https:\/\/fpmaam.org\/ministere2\/2015\/11\/10\/manao-lahara-pahamehana-ny-asanny-fiangonana-audio\/\">Manao lahara-pahamehana ny asan&rsquo;ny fiangonana  &#8211; audio<\/a><\/li><li><a href=\"https:\/\/fpmaam.org\/ministere2\/2015\/11\/10\/didy-voalohany-audio\/\">Didy Voalohany &#8211; audio<\/a><\/li><li><a href=\"https:\/\/fpmaam.org\/ministere2\/2015\/11\/10\/finoana-mampijoro-mampandeha-mampandroso-audio\/\">Finoana mampijoro, mampandeha, mampandroso &#8211; audio<\/a><\/li><li><a href=\"https:\/\/fpmaam.org\/ministere2\/2015\/09\/21\/iza-moa-aho-aminareo-audio\/\">Iza moa Aho aminareo? &#8211; audio<\/a><\/li><li><a href=\"https:\/\/fpmaam.org\/ministere2\/2015\/09\/12\/mihevitra-ny-soa-ho-anny-vidiny-sinteresser-a-son-conjoint\/\">Mihevitra ny soa ho an&rsquo;ny vidiny &#8211; S&rsquo;int\u00e9resser \u00e0 son conjoint<\/a><\/li><li><a href=\"https:\/\/fpmaam.org\/ministere2\/2015\/09\/08\/fiangonana-misokatra-ho-aminny-fiainana\/\">Fiangonana misokatra ho amin&rsquo;ny fiainana<\/a><\/li><li><a href=\"https:\/\/fpmaam.org\/ministere2\/2015\/09\/05\/le-plan-dattaque-de-dieu-cest-toi\/\">Le plan d&rsquo;attaque de Dieu c&rsquo;est toi<\/a><\/li><li><a href=\"https:\/\/fpmaam.org\/ministere2\/2015\/08\/18\/fiangonana-mizotra-aminny-lalanny-fahaiza-manavaka\/\">Fiangonana mizotra amin&rsquo;ny lalan&rsquo;ny fahaiza-manavaka<\/a><\/li><li><a href=\"https:\/\/fpmaam.org\/ministere2\/2015\/08\/12\/fiangonana-manahaka-an-andriamanitra-imitateur-de-dieu\/\">Fiangonana manahaka an&rsquo; Andriamanitra &#8211; Imitateur de Dieu<\/a><\/li><li><a href=\"https:\/\/fpmaam.org\/ministere2\/2015\/08\/12\/fiangonana-mankalaza-sy-midera-anandriamanitra-chanter-la-gloire-de-dieu\/\">Fiangonana mankalaza sy midera an&rsquo;Andriamanitra  &#8211; Chanter la gloire de Dieu<\/a><\/li><li><a href=\"https:\/\/fpmaam.org\/ministere2\/2015\/07\/11\/les_instruments_de_musique_et_leur_impact\/\">Audio &#8211; Les instruments de musique et leur impact<\/a><\/li><li><a href=\"https:\/\/fpmaam.org\/ministere2\/2015\/07\/11\/les_malgaches_et_la_musique_chretienne\/\">Audio &#8211; Les malgaches et la musique chr\u00e9tienne<\/a><\/li><li><a href=\"https:\/\/fpmaam.org\/ministere2\/2015\/07\/11\/temoignage_amboara_cantique_malgache_en_solfege\/\">Audio &#8211; T\u00e9moignage : Amboara , le cantique malgache en solf\u00e8ge<\/a><\/li><li><a href=\"https:\/\/fpmaam.org\/ministere2\/2015\/07\/11\/histoire_de_la_musique_protestante\/\">Audio &#8211; Histoire de la musique protestante<\/a><\/li><li><a href=\"https:\/\/fpmaam.org\/ministere2\/2015\/07\/11\/techniques_musicales\/\">Audio &#8211; Techniques musicales<\/a><\/li><li><a href=\"https:\/\/fpmaam.org\/ministere2\/2015\/07\/11\/la_liturgie_fpma_les_differentes_etapes\/\">Audio &#8211; La liturgie FPMA, les diff\u00e9rentes \u00e9tapes<\/a><\/li><li><a href=\"https:\/\/fpmaam.org\/ministere2\/2015\/07\/11\/musique_jeunesse_eglise\/\">Audio &#8211; Musique, jeunesse et \u00e9glise<\/a><\/li><li><a href=\"https:\/\/fpmaam.org\/ministere2\/2015\/07\/11\/role_de_la_musique_et_musiciens\/\">Audio &#8211; Le r\u00f4le de la musique et  des musiciens<\/a><\/li><li><a href=\"https:\/\/fpmaam.org\/ministere2\/2015\/07\/11\/audio-la-place-de-la-musique-dans-leglise-protestante-malgache\/\">Audio &#8211; La place de la musique dans l\u2019\u00e9glise protestante malgache<\/a><\/li><li><a href=\"https:\/\/fpmaam.org\/ministere2\/2015\/06\/26\/audio-formation-accueil\/\">Audio &#8211; Formation : Accueil<\/a><\/li><li><a href=\"https:\/\/fpmaam.org\/ministere2\/2015\/06\/07\/audio-fiangonana-mitandrina-ny-fanekenandriamanitra\/\">Audio &#8211; Fiangonana mitandrina ny faneken&rsquo;Andriamanitra<\/a><\/li><li><a href=\"https:\/\/fpmaam.org\/ministere2\/2015\/06\/01\/vehivavy-mpandova-anandriamanitra-no-mpiray-lova-amini-kristy-koa-audio\/\">Vehivavy, mpandova an&rsquo;Andriamanitra no mpiray lova amin&rsquo;i Kristy koa &#8211; audio<\/a><\/li><li><a href=\"https:\/\/fpmaam.org\/ministere2\/2015\/05\/29\/mpamafy-pentecote-2015\/\">Mpamafy Pentec\u00f4te 2015<\/a><\/li><li><a href=\"https:\/\/fpmaam.org\/ministere2\/2015\/05\/29\/temoignage-lisabelle\/\">T\u00e9moignage Lisabelle<\/a><\/li><li><a href=\"https:\/\/fpmaam.org\/ministere2\/2015\/05\/29\/kristiana-mandray-ny-fanahy-masina-audio\/\">Kristiana mandray ny Fanahy Masina &#8211; audio<\/a><\/li><li><a href=\"https:\/\/fpmaam.org\/ministere2\/2015\/05\/29\/ny-plana-andriamanitra\/\">Ny plana Andriamanitra &#8211; audio<\/a><\/li><li><a href=\"https:\/\/fpmaam.org\/ministere2\/2015\/05\/24\/hafatra-pastoraly-pentekostra-2015\/\">HAFATRA PASTORALY PENTEKOSTRA 2015<\/a><\/li><li><a href=\"https:\/\/fpmaam.org\/ministere2\/2015\/05\/02\/mpamafy-paska-2015\/\">Mpamafy Paska 2015<\/a><\/li><li><a href=\"https:\/\/fpmaam.org\/ministere2\/2015\/04\/19\/audio-fiainana-kristianina\/\">audio &#8211; Fiainana kristianina<\/a><\/li><li><a href=\"https:\/\/fpmaam.org\/ministere2\/2015\/04\/19\/audio-fiangonana-mankalaza-ny-paska-aminny-fahadiovam-po-sy-ny-fahamarinana\/\">Audio &#8211; Fiangonana mankalaza ny Paska amin\u2019ny fahadiovam-po sy ny fahamarinana<\/a><\/li><li><a href=\"https:\/\/fpmaam.org\/ministere2\/2015\/04\/19\/audio-resonne-pour-leternite\/\">audio &#8211; R\u00e9sonne pour l&rsquo;\u00e9ternit\u00e9<\/a><\/li><li><a href=\"https:\/\/fpmaam.org\/ministere2\/2015\/04\/19\/message-audio-ity-no-zanako-malalako-izy-no-henoy\/\">Message audio &#8211; Ity no Zanako malalako, Izy no henoy<\/a><\/li><li><a href=\"https:\/\/fpmaam.org\/ministere2\/2015\/03\/31\/semaine-sainte\/\">Semaine sainte<\/a><\/li><li><a href=\"https:\/\/fpmaam.org\/ministere2\/2015\/03\/22\/temps-fort-mission-agir-ensemble-pour-un-developpement-integral\/\">Temps Fort Mission : Agir ensemble pour un d\u00e9veloppement int\u00e9gral<\/a><\/li><li><a href=\"https:\/\/fpmaam.org\/ministere2\/2015\/02\/09\/unis-par-la-foi-solidaire-par-les-actes\/\">Unis par la foi, solidaire par les actes<\/a><\/li><li><a href=\"https:\/\/fpmaam.org\/ministere2\/2015\/02\/09\/fiangonana-mitondra-famonjena-ho-aminny-olona-rehetra\/\">Fiangonana mitondra famonjena ho amin&rsquo;ny olona rehetra &#8211; Audio<\/a><\/li><li><a href=\"https:\/\/fpmaam.org\/ministere2\/2015\/01\/29\/andao-hiaraka-amiko-fa-hataoko-mpanarato-olona-ianareo-audio\/\">\u201c&#8230;Andao hiaraka amiko fa hataoko mpanarato olona ianareo.\u00a0\u00bb &#8211; Audio<\/a><\/li><li><a href=\"https:\/\/fpmaam.org\/ministere2\/2015\/01\/04\/taombaovao-ombam-pinoana-fanantenana-ary-fitiavana-audio\/\">Taombaovao ombam-pinoana, fanantenana ary fitiavana &#8211; Audio<\/a><\/li><li><a href=\"https:\/\/fpmaam.org\/ministere2\/2015\/01\/01\/mpamafy-edition-noel-2014\/\">Mpamafy edition Noel 2014<\/a><\/li><li><a href=\"https:\/\/fpmaam.org\/ministere2\/2014\/12\/27\/messages-de-lavent-et-de-noel-2014\/\">Messages de l&rsquo;avent et de No\u00ebl 2014<\/a><\/li><li><a href=\"https:\/\/fpmaam.org\/ministere2\/2014\/12\/26\/alpha-campus-marseille-2015\/\">Alpha Campus Marseille 2015<\/a><\/li><li><a href=\"https:\/\/fpmaam.org\/ministere2\/2014\/12\/20\/noel-2014\/\">No\u00ebl 2014<\/a><\/li><li><a href=\"https:\/\/fpmaam.org\/ministere2\/2014\/12\/04\/prochain-culte-fpmaam\/\">Prochain culte FPMAAM<\/a><\/li><li><a href=\"https:\/\/fpmaam.org\/ministere2\/2014\/11\/24\/culte-30-novembre-2014-a-10h30\/\">Culte 30 novembre 2014 \u00e0 10h30<\/a><\/li><li><a href=\"https:\/\/fpmaam.org\/ministere2\/2014\/11\/11\/ny-virijina-folo-les-dix-vierges-audio\/\">Ny virijina folo (les dix vierges) &#8211; audio<\/a><\/li><li><a href=\"https:\/\/fpmaam.org\/ministere2\/2014\/11\/11\/fitondrantena-madio-sy-marina-audio\/\">Fitondrantena madio sy marina  &#8211; audio<\/a><\/li><li><a href=\"https:\/\/fpmaam.org\/ministere2\/2014\/11\/02\/mpamafy-rentree-disponible-en-pdf\/\">Mpamafy &#8211; rentr\u00e9e disponible en pdf<\/a><\/li><li><a href=\"https:\/\/fpmaam.org\/ministere2\/2014\/10\/31\/fiangonana-miezaka-mivelona-aminny-fitiavana-audio\/\">Fiangonana miezaka mivelona amin&rsquo;ny fitiavana &#8211; audio<\/a><\/li><li><a href=\"https:\/\/fpmaam.org\/ministere2\/2014\/10\/14\/concert-25-octobre-2014\/\">Concert &#8211; 25 octobre 2014<\/a><\/li><li><a href=\"https:\/\/fpmaam.org\/ministere2\/2014\/09\/15\/famelan-keloka-messages-audio\/\">Famelan-keloka :  messages audio<\/a><\/li><li><a href=\"https:\/\/fpmaam.org\/ministere2\/2014\/09\/11\/une-vie-chretienne-equilibree-audio\/\">Une vie chr\u00e9tienne \u00e9quilibr\u00e9e : audio<\/a><\/li><li><a href=\"https:\/\/fpmaam.org\/ministere2\/2014\/08\/31\/fpmaam-org-une-vie-chretienne-equilibree\/\">FPMAAM.org &#8211; Une vie chr\u00e9tienne \u00e9quilibr\u00e9e<\/a><\/li><li><a href=\"https:\/\/fpmaam.org\/ministere2\/2014\/08\/27\/culte-1er-septembre-lourmarin\/\">WE 30-31 aout &#8211; Culte 31 ao\u00fbt &#8211; Lourmarin<\/a><\/li><li><a href=\"https:\/\/fpmaam.org\/ministere2\/2014\/08\/17\/lectures-bibliques-et-culte-personnel\/\">Lectures bibliques et culte personnel<\/a><\/li><li><a href=\"https:\/\/fpmaam.org\/ministere2\/2014\/08\/17\/tout-est-possible-a-dieu\/\">Tout est possible \u00e0 Dieu<\/a><\/li><li><a href=\"https:\/\/fpmaam.org\/ministere2\/2014\/07\/11\/ento-ny-ziogako-ka-mianara-amiko-message-audio\/\">Ento ny ziogako, ka mianara amiko &#8211; message audio<\/a><\/li><li><a href=\"https:\/\/fpmaam.org\/ministere2\/2014\/07\/03\/fisoarana\/\">Fisoarana<\/a><\/li><li><a href=\"https:\/\/fpmaam.org\/ministere2\/2014\/06\/28\/eglise-en-fete-29-juin-2014\/\">Eglise en f\u00eate &#8211; 29 juin 2014<\/a><\/li><li><a href=\"https:\/\/fpmaam.org\/ministere2\/2014\/06\/28\/mpamafy-edition-pentecote-2014\/\">Mpamafy &#8211; Edition Pentec\u00f4te 2014<\/a><\/li><li><a href=\"https:\/\/fpmaam.org\/ministere2\/2014\/06\/20\/psaumes\/\">Psaumes<\/a><\/li><li><a href=\"https:\/\/fpmaam.org\/ministere2\/2014\/06\/17\/fiangonana-mandray-sy-mivelona-aminny-fanahinny-fiadana-audio\/\">Fiangonana mandray sy mivelona amin\u2019ny Fanahin\u2019ny fiadana &#8211; audio<\/a><\/li><li><a href=\"https:\/\/fpmaam.org\/ministere2\/2014\/06\/04\/hafatra-pastoraly-pentekostra-2014\/\">HAFATRA PASTORALY PENTEKOSTRA 2014<\/a><\/li><li><a href=\"https:\/\/fpmaam.org\/ministere2\/2014\/05\/30\/fiangonana-nalainandriamanitra-ho-anny-tenany-message-audio\/\">Fiangonana nalain&rsquo;Andriamanitra ho an&rsquo;ny tenany &#8211; message audio<\/a><\/li><li><a href=\"https:\/\/fpmaam.org\/ministere2\/2014\/05\/11\/fpma-aix-marseille\/\">FPMA Aix Marseille<\/a><\/li><li><a href=\"https:\/\/fpmaam.org\/ministere2\/2014\/05\/08\/fiangonana-manorina-ny-finoany-sy-ny-fanantenany-aminandriamanitra-audio\/\">Fiangonana manorina ny finoany sy ny fanantenany amin&rsquo;Andriamanitra (audio)<\/a><\/li><li><a href=\"https:\/\/fpmaam.org\/ministere2\/2014\/05\/03\/mpamafy-paska-2014\/\">Mpamafy &#8211; Paska 2014<\/a><\/li><li><a href=\"https:\/\/fpmaam.org\/ministere2\/2014\/05\/01\/fiangonana-miravoravo-aminny-fifaliana-tsy-azo-tononina-sady-be-voninahitra-audio\/\">Fiangonana miravoravo amin\u2019ny  fifaliana tsy azo tononina sady be voninahitra (audio)<\/a><\/li><li><a href=\"https:\/\/fpmaam.org\/ministere2\/2014\/04\/24\/paska-famoronam-baovao-paques-une-nouvelle-creation\/\">Paska: famoronam-baovao  &#8211; P\u00e2ques: une nouvelle cr\u00e9ation (audio)<\/a><\/li><li><a href=\"https:\/\/fpmaam.org\/ministere2\/2014\/04\/24\/indro-ny-mpanjakanao-avy-ho-anao-ton-roi-vient-a-toi-audio\/\">Indro, ny Mpanjakanao avy ho anao &#8211; Ton roi vient \u00e0 toi ! (audio)<\/a><\/li><li><a href=\"https:\/\/fpmaam.org\/ministere2\/2014\/04\/24\/ny-finoana-mankalaza-anandriamanitra-la-foi-glorifiante-audio\/\">Ny finoana mankalaza an\u2019Andriamanitra &#8211; La foi glorifiante (audio)<\/a><\/li><li><a href=\"https:\/\/fpmaam.org\/ministere2\/2014\/04\/19\/prochains-rdv-fpma-aix-marseille\/\">Prochains RDV FPMA Aix Marseille<\/a><\/li><li><a href=\"https:\/\/fpmaam.org\/ministere2\/2014\/04\/19\/rdv-paques-2014-hafatra-pastoraly-paska-2014\/\">RDV PAQUES  &#038; Hafatra pastoraly PASKA 2014<\/a><\/li><li><a href=\"https:\/\/fpmaam.org\/ministere2\/2014\/03\/26\/fiangonana-migoka-sy-mizara-rano-velona-message-audio\/\">Fiangonana migoka sy mizara rano velona &#8211; message audio<\/a><\/li><li><a href=\"https:\/\/fpmaam.org\/ministere2\/2014\/03\/23\/journee-mission-temoigner-de-leglise-universelle\/\">Journ\u00e9e mission  &#8211; T\u00e9moigner de l&rsquo;Eglise universelle<\/a><\/li><li><a href=\"https:\/\/fpmaam.org\/ministere2\/2014\/03\/16\/accompagnement-guitare-culte-du-16-mars-2014\/\">Accompagnement guitare &#8211;  culte du 16 mars 2014<\/a><\/li><li><a href=\"https:\/\/fpmaam.org\/ministere2\/2014\/03\/12\/fakam-panahy-message-audio\/\">Fakam-panahy &#8211; message audio<\/a><\/li><li><a href=\"https:\/\/fpmaam.org\/ministere2\/2014\/03\/03\/kristiana-mitory-sy-mivelona-ny-fahendrenandriamanitra-audio\/\">Kristiana mitory sy mivelona ny fahendren&rsquo;Andriamanitra &#8211; audio<\/a><\/li><li><a href=\"https:\/\/fpmaam.org\/ministere2\/2014\/02\/25\/mon-avenir-commence-aujourdhui-message-audio\/\">Mon avenir commence aujourd&rsquo;hui &#8211; message audio<\/a><\/li><li><a href=\"https:\/\/fpmaam.org\/ministere2\/2014\/02\/24\/ny-mpiandry-tsara-salamo-23\/\">Ny Mpiandry Tsara &#8211; Salamo 23<\/a><\/li><li><a href=\"https:\/\/fpmaam.org\/ministere2\/2014\/01\/13\/manaiky-hahatanterahanny-planinandriamanitra-audio\/\">Manaiky hahatanterahan\u2019ny planin\u2019Andriamanitra &#8211; audio<\/a><\/li><li><a href=\"https:\/\/fpmaam.org\/ministere2\/2014\/01\/07\/mitsangana-mihazava-fa-tonga-ny-fahazavanao\/\">Mitsangana, mihazav\u00e0 fa tonga ny fahazavanao &#8211; audio<\/a><\/li><li><a href=\"https:\/\/fpmaam.org\/ministere2\/2013\/12\/28\/mpamafy-noel-2013\/\">Mpamafy Noel 2013<\/a><\/li><li><a href=\"https:\/\/fpmaam.org\/ministere2\/2013\/12\/27\/lay-teny-tonga-olombelona-ka-nonina-tamintsika\/\">Lay Teny Tonga olombelona ka nonina tamintsika &#8211; audio<\/a><\/li><li><a href=\"https:\/\/fpmaam.org\/ministere2\/2013\/12\/27\/ou-est-le-roi-des-juifs-qui-vient-de-naitre\/\">O\u00f9 est le roi des Juifs qui vient de na\u00eetre? &#8211; audio<\/a><\/li><li><a href=\"https:\/\/fpmaam.org\/ministere2\/2013\/12\/27\/aiza-ilay-teraka-ho-mpanjakanny-jiosy-audio\/\">Aiza Ilay teraka ho Mpanjakan&rsquo;ny Jiosy? &#8211; audio<\/a><\/li><li><a href=\"https:\/\/fpmaam.org\/ministere2\/2013\/12\/22\/noel-2013\/\">Noel 2013<\/a><\/li><li><a href=\"https:\/\/fpmaam.org\/ministere2\/2013\/11\/14\/la-fpma-hier-aujourdhui-et-demain\/\">Zoom sur : La FPMA , Hier Aujourd\u2019hui et Demain<\/a><\/li><li><a href=\"https:\/\/fpmaam.org\/ministere2\/2013\/11\/09\/les-foulards-bleus-sont-de-retour\/\">Les foulards bleus sont de retour<\/a><\/li><li><a href=\"https:\/\/fpmaam.org\/ministere2\/2013\/11\/04\/qui-sera-digne-message-audio\/\">Qui sera digne ? &#8211; Message audio<\/a><\/li><li><a href=\"https:\/\/fpmaam.org\/ministere2\/2013\/11\/04\/maharitra-aminny-finoana-sy-ny-vavaka-message-audio\/\">Maharitra amin\u2019ny finoana sy ny vavaka &#8211; Message audio<\/a><\/li><li><a href=\"https:\/\/fpmaam.org\/ministere2\/2013\/10\/20\/rdv-alahadinny-zanaka-am-pielezana-27-octobre-2013\/\">RDV : Alahadin&rsquo;ny Zanaka am-pielezana &#8211; 27 octobre 2013<\/a><\/li><li><a href=\"https:\/\/fpmaam.org\/ministere2\/2013\/10\/14\/ny-teninandriamanitra-tsy-mba-voagadra\/\">Ny tenin&rsquo;Andriamanitra tsy mba voagadra &#8211; audio<\/a><\/li><li><a href=\"https:\/\/fpmaam.org\/ministere2\/2013\/10\/10\/mpamafy-edition-rentree-2013\/\">Mpamafy -Edition Rentr\u00e9e 2013<\/a><\/li><li><a href=\"https:\/\/fpmaam.org\/ministere2\/2013\/10\/09\/conference-elargis-lespace-de-ta-tente\/\">Conf\u00e9rence : \u00ab Elargis l\u2019espace de ta tente \u00bb<\/a><\/li><li><a href=\"https:\/\/fpmaam.org\/ministere2\/2013\/09\/20\/fiangonana-miaina-sy-mizara-fahasoavana\/\">Fiangonana miaina sy mizara fahasoavana &#8211; audio<\/a><\/li><li><a href=\"https:\/\/fpmaam.org\/ministere2\/2013\/09\/18\/antsan-kira-ara-pilazantsara-concert-de-louange\/\">ANTSAN-KIRA ARA-PILAZANTSARA &#8211; CONCERT  de louange<\/a><\/li><li><a href=\"https:\/\/fpmaam.org\/ministere2\/2013\/09\/15\/lasy-fpmaam-2013\/\">Lasy FPMAAM 2013<\/a><\/li><li><a href=\"https:\/\/fpmaam.org\/ministere2\/2013\/09\/09\/na-zovy-na-zovy-no-tsy-mitondra-ny-hazo-fijaliana\/\">Na zovy na zovy no tsy mitondra ny hazo fijaliana&#8230;<\/a><\/li><li><a href=\"https:\/\/fpmaam.org\/ministere2\/2013\/09\/08\/emission-radio-dialogue-animee-par-le-svk\/\">Emission &#8211; Radio Dialogue anim\u00e9e par le SVK<\/a><\/li><li><a href=\"https:\/\/fpmaam.org\/ministere2\/2013\/09\/04\/fiainana-kristiana-audio\/\">Fiainana Kristiana &#8211; audio<\/a><\/li><li><a href=\"https:\/\/fpmaam.org\/ministere2\/2013\/08\/29\/inscriptions-retraite-lasy-2013\/\">Inscriptions en ligne &#8211; retraite &#8211; lasy 2013<\/a><\/li><li><a href=\"https:\/\/fpmaam.org\/ministere2\/2013\/08\/26\/miseseha-hiditra-amin-ny-varavarana-ety-hianareo-audio\/\">Miseseha hiditra amin\u2019 ny varavarana \u00e8ty hianareo &#8211; audio<\/a><\/li><li><a href=\"https:\/\/fpmaam.org\/ministere2\/2013\/08\/26\/division-message-audio\/\">Division &#8211; message audio<\/a><\/li><li><a href=\"https:\/\/fpmaam.org\/ministere2\/2013\/08\/26\/fampisarahana-message-audio\/\">Fampisarahana &#8211; message audio<\/a><\/li><li><a href=\"https:\/\/fpmaam.org\/ministere2\/2013\/08\/18\/samson-peut-on-faner-la-ou-dieu-nous-a-semes\/\">Samson : peut-on faner l\u00e0 o\u00f9 Dieu nous a sem\u00e9s ?<\/a><\/li><li><a href=\"https:\/\/fpmaam.org\/ministere2\/2013\/08\/15\/reportage-3eme-festival-de-musique-mosaic-marseille\/\">Reportage &#8211; 3\u00e8me festival de musique Mosa\u00efc Marseille<\/a><\/li><li><a href=\"https:\/\/fpmaam.org\/ministere2\/2013\/08\/11\/temoignage-job-joba-theatre-fpma-aix-marseille-2010\/\">T\u00e9moignage  Job &#8211; Joba : Th\u00e9atre FPMA Aix Marseille &#8211; 2010<\/a><\/li><li><a href=\"https:\/\/fpmaam.org\/ministere2\/2013\/08\/01\/choisir-la-bonne-part-message\/\">Choisir la bonne part &#8211; message<\/a><\/li><li><a href=\"https:\/\/fpmaam.org\/ministere2\/2013\/07\/07\/mifalia-satria-voasoratra-any-an-danitra-ny-anaranareo\/\">Mifalia, satria voasoratra any an-danitra ny anaranareo !<\/a><\/li><li><a href=\"https:\/\/fpmaam.org\/ministere2\/2013\/07\/05\/mpamafy-edition-speciale-juin-2013\/\">Mpamafy &#8211; Edition sp\u00e9ciale &#8211; juin 2013<\/a><\/li><li><a href=\"https:\/\/fpmaam.org\/ministere2\/2013\/06\/16\/mpamafy-online-edition-pentecote-2013\/\">Mpamafy online &#8211; Edition Pentec\u00f4te 2013<\/a><\/li><li><a href=\"https:\/\/fpmaam.org\/ministere2\/2013\/06\/16\/mpamafy-paques-2013-online\/\">Mpamafy P\u00e2ques 2013 &#8211; en ligne<\/a><\/li><li><a href=\"https:\/\/fpmaam.org\/ministere2\/2013\/06\/09\/fifanompoana-araka-ny-sitraponandriamanitra-message-audio\/\">Fifanompoana araka ny sitrapon&rsquo;Andriamanitra &#8211; message audio<\/a><\/li><li><a href=\"https:\/\/fpmaam.org\/ministere2\/2013\/06\/07\/3eme-edition-festival-musical-mosaic\/\">3eme edition festival musical mosa\u00efc<\/a><\/li><li><a href=\"https:\/\/fpmaam.org\/ministere2\/2013\/06\/02\/%ef%bf%bcomenareo-hanina-izy-donnez-leur-vous-memes-a-manger-message\/\">Audio &#8211; Omenareo hanina izy! &#8211; Donnez-leur vous-m\u00eames \u00e0 manger !<\/a><\/li><li><a href=\"https:\/\/fpmaam.org\/ministere2\/2013\/05\/30\/mandray-ny-fanahinny-fananganananaka-recevoir-lesprit-dadoption\/\">Audio &#8211; Mandray ny Fanahin\u2019ny fananganan\u2019anaka &#8211; Recevoir l&rsquo;Esprit d&rsquo;adoption<\/a><\/li><li><a href=\"https:\/\/fpmaam.org\/ministere2\/2013\/05\/16\/hafatra-pastoraly-pentekostra-2013\/\">HAFATRA PASTORALY PENTEKOSTRA 2013<\/a><\/li><li><a href=\"https:\/\/fpmaam.org\/ministere2\/2013\/05\/10\/rdv-dimanche-12-mai-2013\/\">RDV Dimanche 12 mai 2013<\/a><\/li><li><a href=\"https:\/\/fpmaam.org\/ministere2\/2013\/04\/10\/jesosy-fiadanana-ho-antsika-jesus-la-paix-pour-nous-audio\/\">Audio &#8211; Jesosy fiadanana ho antsika &#8211; J\u00e9sus la paix pour nous<\/a><\/li><li><a href=\"https:\/\/fpmaam.org\/ministere2\/2013\/04\/04\/mon-cadeau-pour-dieu\/\">Mon cadeau pour Dieu<\/a><\/li><li><a href=\"https:\/\/fpmaam.org\/ministere2\/2013\/04\/01\/mahita-aminny-fo-sy-mino-aminny-fo-voir-avec-le-coeur-et-croire-avec-le-coeur\/\">Mahita amin\u2019ny fo sy mino amin\u2019ny fo &#8211; Voir avec le coeur et croire avec le coeur &#8211; audio<\/a><\/li><li><a href=\"https:\/\/fpmaam.org\/ministere2\/2013\/03\/31\/joyeuses-paques\/\">Joyeuses P\u00e2ques !<\/a><\/li><li><a href=\"https:\/\/fpmaam.org\/ministere2\/2013\/03\/30\/hafatra-pastoraly-filoha-fpma-paska-2013\/\">Hafatra pastoraly &#8211; Filoha FPMA &#8211; Paska 2013<\/a><\/li><li><a href=\"https:\/\/fpmaam.org\/ministere2\/2013\/03\/27\/lamour-infini-de-dieu\/\">L&rsquo;amour infini de Dieu<\/a><\/li><li><a href=\"https:\/\/fpmaam.org\/ministere2\/2013\/03\/24\/vous-trouverez-un-anon-detachez-le-et-amenez-le-audio\/\">Vous trouverez un an\u00f4n (..) d\u00e9tachez le et amenez le ! &#8211; audio<\/a><\/li><li><a href=\"https:\/\/fpmaam.org\/ministere2\/2013\/03\/16\/culte-du-17-mars-a-aix-en-pce-impasse-grassi\/\">!!! Culte du 17 mars \u00e0 Aix En Pce : impasse Grassi !!!<\/a><\/li><li><a href=\"https:\/\/fpmaam.org\/ministere2\/2013\/03\/16\/alpha-campus\/\">Reportage &#8211; Alpha Campus<\/a><\/li><li><a href=\"https:\/\/fpmaam.org\/ministere2\/2013\/03\/12\/retraite-spirituelle-regionale-section-reveil\/\">Retraite spirituelle r\u00e9gionale  &#8211; Section r\u00e9veil<\/a><\/li><li><a href=\"https:\/\/fpmaam.org\/ministere2\/2013\/03\/12\/la-joie-de-la-retrouvaille-message-audio\/\">Audio &#8211; La joie de la retrouvaille<\/a><\/li><li><a href=\"https:\/\/fpmaam.org\/ministere2\/2013\/03\/04\/dieu-fait-preuve-de-patience-envers-nous-en-version-audio\/\">Audio &#8211; Dieu fait preuve de patience envers nous<\/a><\/li><li><a href=\"https:\/\/fpmaam.org\/ministere2\/2013\/03\/02\/kermesse-du-sekoly-alahady-23-mars\/\">Kermesse du Sekoly Alahady &#8211; 23 mars<\/a><\/li><li><a href=\"https:\/\/fpmaam.org\/ministere2\/2013\/02\/12\/journees-missions-16-17-fevrier-2013\/\">Journ\u00e9es missions : 16-17 f\u00e9vrier 2013<\/a><\/li><li><a href=\"https:\/\/fpmaam.org\/ministere2\/2013\/02\/12\/ny-tompo-miantso-ny-mpanompo-le-seigneur-qui-appelle-ses-serviteurs\/\">Ny Tompo miantso ny mpanompo &#8211; Le Seigneur qui appelle ses serviteurs<\/a><\/li><li><a href=\"https:\/\/fpmaam.org\/ministere2\/2013\/02\/03\/ny-lanjanny-fitiavana-eo-aminny-fiainana-kristiana-la-valeur-de-lamour-dans-la-vie-chretienne\/\">Ny lanjan\u2019ny fitiavana eo amin\u2019ny fiainana kristiana &#8211; La valeur de l\u2019amour dans la vie chretienne<\/a><\/li><li><a href=\"https:\/\/fpmaam.org\/ministere2\/2013\/01\/30\/nayez-pas-peur-message-audio-du-27-janvier-2013\/\">Audio &#8211; N&rsquo;ayez pas peur<\/a><\/li><li><a href=\"https:\/\/fpmaam.org\/ministere2\/2013\/01\/26\/miankohoka-eo-anatrehanilay-teraka-ho-mpanjakanny-mpanjaka-adorer-le-roi-des-rois\/\">Miankohoka eo anatrehan\u2019Ilay teraka ho Mpanjakan\u2019ny mpanjaka  &#8211; Adorer le Roi des rois<\/a><\/li><li><a href=\"https:\/\/fpmaam.org\/ministere2\/2013\/01\/13\/cours-de-malgache-2\/\">Cours de malgache<\/a><\/li><li><a href=\"https:\/\/fpmaam.org\/ministere2\/2013\/01\/13\/groupe-instrumental\/\">Groupe Instrumental<\/a><\/li><li><a href=\"https:\/\/fpmaam.org\/ministere2\/2013\/01\/10\/alpha-campus-2013-debute-le-vendredi-18-janvier\/\">Alpha Campus 2013 d\u00e9bute le vendredi 18 janvier<\/a><\/li><li><a href=\"https:\/\/fpmaam.org\/ministere2\/2013\/01\/06\/fiarahabana-taona-vaovao-2013\/\">FIARAHABANA  TAONA VAOVAO 2013<\/a><\/li><li><a href=\"https:\/\/fpmaam.org\/ministere2\/2013\/01\/06\/bonne-annee-a-tous\/\">BONNE ANNEE  A TOUS<\/a><\/li><li><a href=\"https:\/\/fpmaam.org\/ministere2\/2013\/01\/05\/podcast-messages-fpmaam-org\/\">Podcast &#8211; messages fpmaam.org<\/a><\/li><li><a href=\"https:\/\/fpmaam.org\/ministere2\/2012\/12\/31\/cours-de-malgache\/\">Cours de malgache<\/a><\/li><li><a href=\"https:\/\/fpmaam.org\/ministere2\/2012\/12\/30\/%ef%bf%bcmitombo-fahendrena-sy-tena-ary-fahasoavana-%ef%bf%bc-grandir-en-sagesse-en-stature-et-en-grace\/\">Audio : Mitombo fahendrena sy tena ary fahasoavana &#8211; Grandir en sagesse, en stature et en gr\u00e2ce<\/a><\/li><li><a href=\"https:\/\/fpmaam.org\/ministere2\/2012\/12\/27\/message-du-24-decembre-leternel-appauvrit-et-il-enrichit-il-abaisse-et-il-eleve-disponible-en-audio\/\">Audio &#8211; \u00abL&rsquo;Eternel appauvrit et il enrichit, Il abaisse et il \u00e9l\u00e8ve..\u00bb<\/a><\/li><li><a href=\"https:\/\/fpmaam.org\/ministere2\/2012\/12\/26\/noel-2012-a-la-fpmaam-en-3min25\/\">Reportage &#8211; NOEL 2012 \u00e0 la FPMAAM en 3min25<\/a><\/li><li><a href=\"https:\/\/fpmaam.org\/ministere2\/2012\/12\/26\/message-de-noel-2012-disponible-en-audio\/\">Audio &#8211; \u00ab Conserver le souvenir de toutes ces paroles (dans sa m\u00e9moire) et les repasser dans son c\u0153ur \u00bb<\/a><\/li><li><a href=\"https:\/\/fpmaam.org\/ministere2\/2012\/12\/26\/hafatra-pastoraly-noely-2012\/\">Hafatra Pastoraly Noely 2012<\/a><\/li><li><a href=\"https:\/\/fpmaam.org\/ministere2\/2012\/12\/25\/jour-7-noel-une-invitation\/\">Jour 7 &#8211; No\u00ebl une invitation\u2026<\/a><\/li><li><a href=\"https:\/\/fpmaam.org\/ministere2\/2012\/12\/24\/jour-6-une-naissance-mais-aussi-la-mort\/\">Jour 6 &#8211; Une naissance, mais aussi la mort<\/a><\/li><li><a href=\"https:\/\/fpmaam.org\/ministere2\/2012\/12\/23\/jour-5-plus-quun-nom-tout-un-programme\/\">Jour 5 &#8211; Plus qu\u2019un nom, tout un programme<\/a><\/li><li><a href=\"https:\/\/fpmaam.org\/ministere2\/2012\/12\/22\/jour-4-dieu-qui-se-fait-homme\/\">Jour 4 &#8211; Dieu qui se fait homme<\/a><\/li><li><a href=\"https:\/\/fpmaam.org\/ministere2\/2012\/12\/21\/jour-3-des-visiteurs-inattendus\/\">Jour 3 &#8211; Des visiteurs inattendus<\/a><\/li><li><a href=\"https:\/\/fpmaam.org\/ministere2\/2012\/12\/20\/jour-2-un-bebe-qui-na-nulle-part-ou-crecher\/\">Jour 2 &#8211; Un b\u00e9b\u00e9 qui n\u2019a nulle part o\u00f9 cr\u00e9cher<\/a><\/li><li><a href=\"https:\/\/fpmaam.org\/ministere2\/2012\/12\/19\/jour-1-un-sms-angelique\/\">Jour 1 &#8211; Un SMS ang\u00e9lique<\/a><\/li><li><a href=\"https:\/\/fpmaam.org\/ministere2\/2012\/12\/17\/methode-de-lecture\/\">M\u00e9thode de lecture<\/a><\/li><li><a href=\"https:\/\/fpmaam.org\/ministere2\/2012\/12\/17\/message-du-3eme-dimanche-de-lavent\/\">R\u00e9jouissez vous toujours dans le Seigneur, je le r\u00e9p\u00e8te r\u00e9jouissez vous. Mifalia mandrakariva amin&rsquo;ny Tompo ; hoy izaho indray : mifalia<\/a><\/li><li><a href=\"https:\/\/fpmaam.org\/ministere2\/2012\/12\/15\/culte-du-16-decembre-2012-culte-villars-aix-en-provence\/\">Culte du 16 d\u00e9cembre 2012 &#8211; Culte &#8211; Villars &#8211; Aix En Provence<\/a><\/li><li><a href=\"https:\/\/fpmaam.org\/ministere2\/2012\/12\/09\/message-du-deuxieme-dimanche-de-lavent\/\">Pr\u00e9parez le chemin du Seigneur, Aplanissez ses sentiers (Luc 3 : 4  LS)<\/a><\/li><li><a href=\"https:\/\/fpmaam.org\/ministere2\/2012\/12\/02\/message-marcher-de-progres-en-progres-en-christ\/\">Message &#8211; Marcher de progr\u00e8s en progr\u00e8s en Christ<\/a><\/li><li><a href=\"https:\/\/fpmaam.org\/ministere2\/2012\/11\/25\/la-parabole-des-10-vierges-predication-du-25-novembre-2012\/\">La parabole des 10 vierges<\/a><\/li><li><a href=\"https:\/\/fpmaam.org\/ministere2\/2012\/11\/14\/dieu-qui-soccupe-de-son-peuple-message-du-11-novembre-2012\/\">Dieu qui s&rsquo;occupe de son peuple<\/a><\/li><li><a href=\"https:\/\/fpmaam.org\/ministere2\/2012\/11\/11\/hafatra\/\">HAFATRA &#8211; SYNODA 2012<\/a><\/li><li><a href=\"https:\/\/fpmaam.org\/ministere2\/2012\/11\/03\/34eme-synode-national-culte\/\">34eme synode national &#8211; culte<\/a><\/li><li><a href=\"https:\/\/fpmaam.org\/ministere2\/2012\/10\/27\/alahadinny-zanaka-am-pielezana\/\">28\/10\/2012: ALAHADIN&rsquo;NY ZANAKA AM-PIELEZAN&rsquo;NY FPMAAM (Culte du Fpmaam&rsquo;spora)<\/a><\/li><li><a href=\"https:\/\/fpmaam.org\/ministere2\/2012\/10\/27\/rojom-bavaka-synode-5mnjour-pendant-une-semaine-pour-le-synode\/\">ROJOM-BAVAKA SYNODE (5mn\/jour pendant une semaine pour le Synode)<\/a><\/li><li><a href=\"https:\/\/fpmaam.org\/ministere2\/2012\/10\/26\/hafatra-pastoraly\/\">HAFATRA PASTORALY<\/a><\/li><li><a href=\"https:\/\/fpmaam.org\/ministere2\/2012\/10\/15\/concert-de-fara-andriamamonjy\/\">Concert de Fara Andriamamonjy<\/a><\/li><li><a href=\"https:\/\/fpmaam.org\/ministere2\/2012\/10\/03\/concert-erick-manana-jenny-13-octobre-2012\/\">Concert Erick Manana &#038; Jenny &#8211; 13 octobre 2012<\/a><\/li><li><a href=\"https:\/\/fpmaam.org\/ministere2\/2012\/09\/29\/alpha-cest-maintenant\/\">Alpha 2012 c&rsquo;est maintenant !<\/a><\/li><li><a href=\"https:\/\/fpmaam.org\/ministere2\/2012\/09\/17\/audio-fpmaam-org\/\">Audio fpmaam.org<\/a><\/li><li><a href=\"https:\/\/fpmaam.org\/ministere2\/2012\/09\/17\/parcous-alpha-vous-etes-invites-a-un-diner\/\">Parcous Alpha &#8211; Vous \u00eates invit\u00e9s \u00e0 un d\u00eener !<\/a><\/li><li><a href=\"https:\/\/fpmaam.org\/ministere2\/2012\/09\/10\/message\/\">Message :<\/a><\/li><li><a href=\"https:\/\/fpmaam.org\/ministere2\/2012\/09\/09\/fisaorana-remerciements\/\">FISAORANA &#8211; REMERCIEMENTS<\/a><\/li><li><a href=\"https:\/\/fpmaam.org\/ministere2\/2012\/09\/09\/temoignage-un-cadeau-pour-dieu-2012\/\">T\u00e9moignage &#8211; Un cadeau pour Dieu &#8211; 2012<\/a><\/li><li><a href=\"https:\/\/fpmaam.org\/ministere2\/2012\/09\/05\/rdv-le-13-octobre-2012\/\">RDV le 13 octobre 2012<\/a><\/li><li><a href=\"https:\/\/fpmaam.org\/ministere2\/2012\/09\/02\/concert-rdv-le-22-septembre-2012\/\">Concert : RDV le 22 septembre 2012<\/a><\/li><li><a href=\"https:\/\/fpmaam.org\/ministere2\/2012\/08\/24\/barbecue-geant\/\">Barbecue G\u00e9ant<\/a><\/li><li><a href=\"https:\/\/fpmaam.org\/ministere2\/2012\/08\/05\/donner-autrement\/\">DONNER AUTREMENT<\/a><\/li><li><a href=\"https:\/\/fpmaam.org\/ministere2\/2012\/07\/31\/praesent-et-urna-turpis-sadips\/\">Praesent Et Urna Turpis<\/a><\/li><li><a href=\"https:\/\/fpmaam.org\/ministere2\/2012\/07\/31\/donec-at-mauris-enim-duis-nisi-tellus\/\">Donec At Mauris Enims<\/a><\/li><li><a href=\"https:\/\/fpmaam.org\/ministere2\/2012\/06\/23\/week-end-retraite-detente-pour-les-responsables-de-la-fpmaam\/\">WEEK-END RETRAITE-D\u00c9TENTE POUR LES RESPONSABLES DE LA FPMAAM &#8211; 2012<\/a><\/li><li><a href=\"https:\/\/fpmaam.org\/ministere2\/2012\/06\/16\/itineraire-pour-monteux\/\">ITINERAIRE POUR MONTEUX<\/a><\/li><li><a href=\"https:\/\/fpmaam.org\/ministere2\/2012\/05\/28\/rdv-concert-olivier-chewa-2-juin-a-18h30\/\">RDV &#8211; Concert Olivier Chewa &#8211; 2 juin \u00e0 18h30<\/a><\/li><li><a href=\"https:\/\/fpmaam.org\/ministere2\/2012\/05\/23\/autour-de-pentecote\/\">Autour de Pentec\u00f4te<\/a><\/li><li><a href=\"https:\/\/fpmaam.org\/ministere2\/2012\/05\/16\/appel-a-temoins-jubile-pasteur-falimanana-raharindranto\/\">Appel \u00e0 t\u00e9moins ! Jubil\u00e9 Pasteur Falimanana RAHARINDRANTO<\/a><\/li><li><a href=\"https:\/\/fpmaam.org\/ministere2\/2012\/05\/12\/feuille-de-culte-130512\/\">Feuille de culte du 13\/05\/12<\/a><\/li><li><a href=\"https:\/\/fpmaam.org\/ministere2\/2012\/04\/01\/methode-de-culte-personnel\/\">M\u00e9thode de culte personnel<\/a><\/li><li><a href=\"https:\/\/fpmaam.org\/ministere2\/2012\/03\/14\/concert-nanie-et-antsa-fiderana-31-mars\/\">Concert Nanie et Antsa Fiderana &#8211; 31 mars<\/a><\/li><li><a href=\"https:\/\/fpmaam.org\/ministere2\/2012\/02\/16\/journee-mission-aix-en-provence\/\">Journ\u00e9es missions  2012 &#8211; Le Monde est chez Toi&#8230; &#8211; Aix En Provence<\/a><\/li><li><a href=\"https:\/\/fpmaam.org\/ministere2\/2012\/02\/16\/choeuruni-xii-17-au-20-mai-2012\/\">CHOEURUNI XII : 17 au 20 mai 2012<\/a><\/li><li><a href=\"https:\/\/fpmaam.org\/ministere2\/2012\/01\/22\/zaikabe-paritany-nice\/\">ZAIKABE-PARITANY &#8211; Nice<\/a><\/li><li><a href=\"https:\/\/fpmaam.org\/ministere2\/2012\/01\/16\/bapteme-des-enfants-fpmaam\/\">Bapt\u00eame des enfants &#8211; FPMAAM<\/a><\/li><li><a href=\"https:\/\/fpmaam.org\/ministere2\/2012\/01\/10\/mihaona-aminny-zanakandriamanitra-rencontre-avec-le-fils-de-dieu\/\">Mihaona amin&rsquo;ny Zanak&rsquo;Andriamanitra Rencontre avec le Fils de Dieu<\/a><\/li><li><a href=\"https:\/\/fpmaam.org\/ministere2\/2011\/12\/31\/taom-baovao-2011\/\">Taom-baovao 2011<\/a><\/li><li><a href=\"https:\/\/fpmaam.org\/ministere2\/2011\/12\/31\/tononkalo-noely\/\">TONONKALO NOELY<\/a><\/li><li><a href=\"https:\/\/fpmaam.org\/ministere2\/2011\/12\/20\/noel-2011\/\">NOEL 2011<\/a><\/li><li><a href=\"https:\/\/fpmaam.org\/ministere2\/2011\/11\/16\/dimanche-27-novembre-2011-erf-grignan-a-15h30-concert-de-louanges\/\">Dimanche 27 Novembre 2011 ERF Grignan \u00e0 15h30 &#8211; Concert de louanges<\/a><\/li><li><a href=\"https:\/\/fpmaam.org\/ministere2\/2011\/10\/10\/concert-de-rija-et-du-groupe-sunrise\/\">Concert de Rija et du groupe Sunrise<\/a><\/li><li><a href=\"https:\/\/fpmaam.org\/ministere2\/2011\/09\/24\/parcours-alpha-programme-3-3\/\">Parcours Alpha &#8211; Programme 2011<\/a><\/li><li><a href=\"https:\/\/fpmaam.org\/ministere2\/2011\/09\/13\/dieu-renouvelle-t-il-l%e2%80%99homme\/\">Dieu renouvelle-t-il l\u2019homme ?<\/a><\/li><li><a href=\"https:\/\/fpmaam.org\/ministere2\/2011\/09\/07\/parcous-alpha\/\">Parcous Alpha<\/a><\/li><li><a href=\"https:\/\/fpmaam.org\/ministere2\/2011\/08\/11\/lasy-retraite-34-septembre-2011\/\">LASY &#8211; RETRAITE 3,4 SEPTEMBRE 2011<\/a><\/li><li><a href=\"https:\/\/fpmaam.org\/ministere2\/2011\/06\/18\/expo-bible-malgache\/\">Expo Bible malgache<\/a><\/li><li><a href=\"https:\/\/fpmaam.org\/ministere2\/2011\/05\/02\/kermeese-sekoly-alahady\/\">Kermeese Sekoly Alahady<\/a><\/li><li><a href=\"https:\/\/fpmaam.org\/ministere2\/2011\/03\/20\/fisaorana\/\">FISAORANA<\/a><\/li><li><a href=\"https:\/\/fpmaam.org\/ministere2\/2011\/03\/01\/diner-cabaret-chorale-antsa-fiderana-et-vohirana\/\">d\u00eener cabaret &#8211; Chorale Antsa Fiderana et Vohirana<\/a><\/li><li><a href=\"https:\/\/fpmaam.org\/ministere2\/2011\/02\/03\/journee-mission-et-culte-franco-malgache\/\">Journ\u00e9e Mission<\/a><\/li><li><a href=\"https:\/\/fpmaam.org\/ministere2\/2010\/12\/28\/alpha-jeunes-repas-daccueil-et-de-decouverte-2\/\">Alpha Jeunes  &#8211; Repas d&rsquo;accueil et de d\u00e9couverte<\/a><\/li><li><a href=\"https:\/\/fpmaam.org\/ministere2\/2010\/12\/09\/video-ruthrota-2010\/\">Video &#8211; Ruth\/Rota &#8211; 2010<\/a><\/li><li><a href=\"https:\/\/fpmaam.org\/ministere2\/2010\/12\/09\/reportage-job-2010\/\">Video &#8211; Job 2010<\/a><\/li><li><a href=\"https:\/\/fpmaam.org\/ministere2\/2010\/11\/14\/antsam-panahy-concert-de-louanges-chorale-2\/\">ANTSAM-PANAHY &#8211; Concert de Louanges &#8211; Chorale<\/a><\/li><li><a href=\"https:\/\/fpmaam.org\/ministere2\/2010\/11\/14\/besoin-du-mot-passe-pour-les-photos\/\">Besoin du mot passe pour les photos ?<\/a><\/li><li><a href=\"https:\/\/fpmaam.org\/ministere2\/2010\/11\/13\/antsam-panahy-concert-de-louanges-chorale\/\">ANTSAM-PANAHY &#8211; Concert de Louanges &#8211; Chorale<\/a><\/li><li><a href=\"https:\/\/fpmaam.org\/ministere2\/2010\/11\/08\/rija-hantatiana-30-octobre-2010\/\">Rija &amp; Hantatiana &#8211; 30 octobre 2010<\/a><\/li><li><a href=\"https:\/\/fpmaam.org\/ministere2\/2010\/11\/03\/1-fondements-bibliques-et-historiques\/\">1. Fondements bibliques et historiques<\/a><\/li><li><a href=\"https:\/\/fpmaam.org\/ministere2\/2010\/10\/20\/loabary-an-dasy\/\">LOABARY AN-DASY,<\/a><\/li><li><a href=\"https:\/\/fpmaam.org\/ministere2\/2010\/10\/12\/rencontre-mosaic\/\">RENCONTRE MOSAIC<\/a><\/li><li><a href=\"https:\/\/fpmaam.org\/ministere2\/2010\/10\/06\/parcours-alpha-programme-2\/\">Parcours Alpha &#8211; programme<\/a><\/li><li><a href=\"https:\/\/fpmaam.org\/ministere2\/2010\/09\/10\/lasim-piangonana-retraite-18-19092010-3\/\">Affiche &#8211; LASIM-PIANGONANA RETRAITE 18-19\/09\/2010<\/a><\/li><li><a href=\"https:\/\/fpmaam.org\/ministere2\/2010\/09\/10\/joba-an-tsehatra-2\/\">JOBA AN-TSEHATRA  &#8211; 2010 &#8211; partie 1<\/a><\/li><li><a href=\"https:\/\/fpmaam.org\/ministere2\/2010\/09\/10\/256\/\"><\/a><\/li><li><a href=\"https:\/\/fpmaam.org\/ministere2\/2010\/09\/10\/259\/\">JOBA AN-TSEHATRA &#8211; 2010 &#8211; partie 2<\/a><\/li><li><a href=\"https:\/\/fpmaam.org\/ministere2\/2010\/07\/27\/flmlwf\/\">FLM\/LWF<\/a><\/li><li><a href=\"https:\/\/fpmaam.org\/ministere2\/2010\/06\/15\/soiree-jazz-fpma-erf\/\">SOIREE JAZZ FPMA-ERF<\/a><\/li><li><a href=\"https:\/\/fpmaam.org\/ministere2\/2010\/06\/15\/ffkm-juin-2010\/\">FFKM juin 2010<\/a><\/li><li><a href=\"https:\/\/fpmaam.org\/ministere2\/2010\/06\/04\/vakiteny-sy-loko\/\">VAKITENY SY LOKO<\/a><\/li><li><a href=\"https:\/\/fpmaam.org\/ministere2\/2010\/05\/16\/reseau-mosaic\/\">RESEAU MOSAIC<\/a><\/li><li><a href=\"https:\/\/fpmaam.org\/ministere2\/2010\/05\/14\/filazana-manjo\/\">FILAZANA MANJO<\/a><\/li><li><a href=\"https:\/\/fpmaam.org\/ministere2\/2010\/05\/06\/loabary-an-dasy-conference-debat\/\">LOABARY AN-DASY * CONFERENCE-DEBAT<\/a><\/li><li><a href=\"https:\/\/fpmaam.org\/ministere2\/2010\/03\/03\/fanitsiana-rectification\/\">FANITSIANA &#8211; RECTIFICATION<\/a><\/li><li><a href=\"https:\/\/fpmaam.org\/ministere2\/2010\/03\/01\/chaine-de-priere-pour-mama-belle-sy-andy\/\">CHAINE DE PRIERE POUR MAMA BELLE SY ANDY<\/a><\/li><li><a href=\"https:\/\/fpmaam.org\/ministere2\/2010\/02\/19\/programme-fevrier-2010\/\">PROGRAMME 2010<\/a><\/li><li><a href=\"https:\/\/fpmaam.org\/ministere2\/2010\/02\/18\/carpentras-2010-rencontre-regionale-zaikabe-faritany\/\">Reportage &#8211; Carpentras 2010 &#8211; Rencontre r\u00e9gionale &#8211; Zaikabe faritany<\/a><\/li><li><a href=\"https:\/\/fpmaam.org\/ministere2\/2010\/02\/04\/table-ronde\/\">TABLE RONDE<\/a><\/li><li><a href=\"https:\/\/fpmaam.org\/ministere2\/2010\/01\/31\/zaikabe-faritany-13-et-14-fevrier-2010-prgm\/\">Zaikabe Faritany &#8211; 13 et 14 f\u00e9vrier 2010 &#8211; prgm<\/a><\/li><li><a href=\"https:\/\/fpmaam.org\/ministere2\/2010\/01\/31\/zaikabe-faritany-13-et-14-fevrier-2010\/\">Zaikabe Faritany &#8211; 13 et 14 f\u00e9vrier 2010 &#8211; courrier officiel<\/a><\/li><li><a href=\"https:\/\/fpmaam.org\/ministere2\/2010\/01\/30\/perikopa-vakiteny-pericope-2009-2010\/\">Perikopa &#8211; VAKITENY &#8211; PERICOPE 2009-2010<\/a><\/li><li><a href=\"https:\/\/fpmaam.org\/ministere2\/2010\/01\/30\/video-retro-noel-2009\/\">Vid\u00e9o &#8211; Veill\u00e9e de No\u00ebl 2009<\/a><\/li><li><a href=\"https:\/\/fpmaam.org\/ministere2\/2010\/01\/27\/solidarite-haiti\/\">SOLIDARITE HAITI<\/a><\/li><li><a href=\"https:\/\/fpmaam.org\/ministere2\/2010\/01\/23\/programmes-janvier-2010\/\">Programmes janvier 2010<\/a><\/li><li><a href=\"https:\/\/fpmaam.org\/ministere2\/2010\/01\/18\/priere-pour-haiti\/\">Pri\u00e8re pour Ha\u00efti<\/a><\/li><li><a href=\"https:\/\/fpmaam.org\/ministere2\/2009\/12\/31\/programme-3-janvier-2010\/\">Programme 3 janvier 2010<\/a><\/li><li><a href=\"https:\/\/fpmaam.org\/ministere2\/2009\/12\/31\/parcours-alpha-programme\/\">Parcours Alpha &#8211; programme<\/a><\/li><li><a href=\"https:\/\/fpmaam.org\/ministere2\/2009\/08\/06\/projet-mosaic\/\">PROJET MOSAIC<\/a><\/li><li><a href=\"https:\/\/fpmaam.org\/ministere2\/2009\/01\/17\/ci-apres-une-affiche-presentant-les-activites-organisees-cette-annee-par-le-comite-oecumenique-interconfessionnel-dans-le-cadre-de-la-semaine-de-priere-pour-lunite-des-chretiens\/\">Ci-apr\u00e8s une affiche pr\u00e9sentant les activit\u00e9s organis\u00e9es cette ann\u00e9e par le Comit\u00e9 oecum\u00e9nique interconfessionnel dans le cadre de la Semaine de pri\u00e8re pour l&rsquo;unit\u00e9 des chr\u00e9tiens:<\/a><\/li><li><a href=\"https:\/\/fpmaam.org\/ministere2\/2009\/01\/11\/jobily-50-taona-fpma\/\">Jobily 50 taona FPMA<\/a><\/li><li><a href=\"https:\/\/fpmaam.org\/ministere2\/2008\/12\/30\/culte-villars-2\/\">Culte Villars<\/a><\/li><li><a href=\"https:\/\/fpmaam.org\/ministere2\/2008\/12\/30\/visite-chorale\/\">Visite  Chorale<\/a><\/li><li><a href=\"https:\/\/fpmaam.org\/ministere2\/2008\/12\/30\/culte-villars-2eme-offrande-alahadin%e2%80%99ny-baiboly\/\">Culte Grignan(2\u00e8me Offrande Alahadin\u2019ny Baiboly)<\/a><\/li><li><a href=\"https:\/\/fpmaam.org\/ministere2\/2008\/12\/30\/culte-de-reconnaissance\/\">Culte de Reconnaissance<\/a><\/li><li><a href=\"https:\/\/fpmaam.org\/ministere2\/2008\/12\/30\/culte-grignan-ag-bilan-2008-et-budget-previsionnel-2009\/\">Culte Grignan : A.G, Bilan 2008 et Budget Pr\u00e9visionnel 2009<\/a><\/li><li><a href=\"https:\/\/fpmaam.org\/ministere2\/2008\/12\/30\/formation-detente-kt-et-famille\/\">Formation d\u00e9tente KT et Famille<\/a><\/li><li><a href=\"https:\/\/fpmaam.org\/ministere2\/2008\/12\/30\/culte-villars\/\">Culte Villars<\/a><\/li><li><a href=\"https:\/\/fpmaam.org\/ministere2\/2008\/12\/30\/culte-oecumenique\/\">Culte oecum\u00e9nique<\/a><\/li><li><a href=\"https:\/\/fpmaam.org\/ministere2\/2008\/12\/30\/agape-chorale\/\">Agap\u00e9 Chorale<\/a><\/li><li><a href=\"https:\/\/fpmaam.org\/ministere2\/2008\/12\/30\/dimanche-stk\/\">Dimanche STK<\/a><\/li><li><a href=\"https:\/\/fpmaam.org\/ministere2\/2008\/12\/30\/agape-sa\/\">Agap\u00e9 S.A<\/a><\/li><li><a href=\"https:\/\/fpmaam.org\/ministere2\/2008\/12\/30\/culte-nouvel-an-grignan\/\">Culte Nouvel an  Grignan<\/a><\/li><li><a href=\"https:\/\/fpmaam.org\/ministere2\/2008\/12\/30\/agape-fpmaam\/\">Agap\u00e9 FPMAAM -ERF Villars<\/a><\/li><li><a href=\"https:\/\/fpmaam.org\/ministere2\/2008\/12\/30\/culte-nouvel-an-villars\/\">Culte Nouvel an &#8211; Villars<\/a><\/li><li><a href=\"https:\/\/fpmaam.org\/ministere2\/2008\/12\/30\/fandaharana-jobily-faha-50-taona\/\">Fandaharana Jobily faha 50 taona<\/a><\/li><li><a href=\"https:\/\/fpmaam.org\/ministere2\/2008\/12\/15\/antsa-fiderana-news\/\">ANTSA FIDERANA NEWS<\/a><\/li><li><a href=\"https:\/\/fpmaam.org\/ministere2\/2008\/12\/13\/evenements-du-jour\/\">EVENEMENTS DU JOUR<\/a><\/li><li><a href=\"https:\/\/fpmaam.org\/ministere2\/2008\/11\/21\/antsa-fiderana-en-concert\/\">ANTSA FIDERANA EN CONCERT<\/a><\/li><li><a href=\"https:\/\/fpmaam.org\/ministere2\/2008\/11\/21\/une-journee-fraternellepour-la-paix\/\">Journ\u00e9es missions 2008 &#8211;  UNE JOURNEE FRATERNELLE&#8230;&#8230;POUR LA PAIX<\/a><\/li><li><a href=\"https:\/\/fpmaam.org\/ministere2\/2008\/11\/07\/reseau-mosaic-2\/\">RESEAU MOSA\u00cfC<\/a><\/li><li><a href=\"https:\/\/fpmaam.org\/ministere2\/2008\/11\/06\/fotoam-pivavahana\/\">FOTOAM-PIVAVAHANA<\/a><\/li><li><a href=\"https:\/\/fpmaam.org\/ministere2\/2008\/11\/05\/50-ans-retro-video\/\">50 ans &#8211; retro video<\/a><\/li><li><a href=\"https:\/\/fpmaam.org\/ministere2\/2008\/11\/04\/culte-franco-malgache-2\/\">Culte franco-malgache<\/a><\/li><li><a href=\"https:\/\/fpmaam.org\/ministere2\/2008\/11\/04\/journees-missions\/\">Journ\u00e9es missions<\/a><\/li><li><a href=\"https:\/\/fpmaam.org\/ministere2\/2008\/11\/04\/mpamafy-edition-jubile\/\">Mpamafy &#8211; edition jubil\u00e9<\/a><\/li><li><a href=\"https:\/\/fpmaam.org\/ministere2\/2008\/10\/03\/bessa-en-concert\/\">BESSA EN CONCERT<\/a><\/li><li><a href=\"https:\/\/fpmaam.org\/ministere2\/2008\/09\/18\/la-pastorale-du-reseau-mosaic\/\">La pastorale du r\u00e9seau Mosa\u00efc<\/a><\/li><li><a href=\"https:\/\/fpmaam.org\/ministere2\/2008\/09\/18\/antenne-aixoise-de-la-federation-protestante-de-france\/\">Antenne Aixoise de la F\u00e9d\u00e9ration Protestante de France<\/a><\/li><li><a href=\"https:\/\/fpmaam.org\/ministere2\/2008\/08\/13\/fitsipiky-ny-fifaninanana-logo\/\">FITSIPIKY  NY  FIFANINANANA  LOGO<\/a><\/li><li><a href=\"https:\/\/fpmaam.org\/ministere2\/2008\/07\/30\/mpamafy-juillet-aout-2008\/\">Mpamafy &#8211; juillet aout 2008<\/a><\/li><li><a href=\"https:\/\/fpmaam.org\/ministere2\/2008\/07\/27\/hira-faneva-solfa\/\">Hira faneva &#8211; Solfa<\/a><\/li><li><a href=\"https:\/\/fpmaam.org\/ministere2\/2008\/07\/18\/hira-faneva-traduction\/\">Hira Faneva &#8211; Traduction<\/a><\/li><li><a href=\"https:\/\/fpmaam.org\/ministere2\/2008\/07\/18\/changement\/\">RETRAITE \/ LASY<\/a><\/li><li><a href=\"https:\/\/fpmaam.org\/ministere2\/2008\/07\/01\/audio-conference-debat-identite-culturelle-obstacle-ou-tremplin-a-la-foi\/\">Audio \u2013 Conference D\u00e9bat :  Identit\u00e9 culturelle, obstacle ou tremplin \u00e0 la foi ?<\/a><\/li><li><a href=\"https:\/\/fpmaam.org\/ministere2\/2008\/07\/01\/audio-conference-debat-du-19-avril-08\/\">Audio &#8211; Conference D\u00e9bat : Les obstacles \u00e0 la pers\u00e9v\u00e9rance de la foi<\/a><\/li><li><a href=\"https:\/\/fpmaam.org\/ministere2\/2008\/07\/01\/hira-faneva-50eme-paroles\/\">Hira Faneva 50eme &#8211; paroles<\/a><\/li><li><a href=\"https:\/\/fpmaam.org\/ministere2\/2008\/06\/23\/catechisme-de-heidelberg\/\">Cat\u00e9chisme de Heidelberg<\/a><\/li><li><a href=\"https:\/\/fpmaam.org\/ministere2\/2008\/06\/21\/culte-oecumenique-22-juin-2008\/\">Culte oecum\u00e9nique 22 juin 2008<\/a><\/li><li><a href=\"https:\/\/fpmaam.org\/ministere2\/2008\/06\/07\/mot-de-passe\/\">Mot de passe ?<\/a><\/li><li><a href=\"https:\/\/fpmaam.org\/ministere2\/2008\/05\/18\/culte-franco-malgache\/\">Culte Franco-Malgache &#8211; 25 mai<\/a><\/li><li><a href=\"https:\/\/fpmaam.org\/ministere2\/2008\/05\/18\/garden-party-24-mai\/\">Garden Party &#8211; 24 mai<\/a><\/li><li><a href=\"https:\/\/fpmaam.org\/ministere2\/2008\/05\/07\/kermesse\/\">Kermesse<\/a><\/li><li><a href=\"https:\/\/fpmaam.org\/ministere2\/2008\/05\/07\/agenda-du-mois-de-mai\/\">Agenda du mois de mai<\/a><\/li><li><a href=\"https:\/\/fpmaam.org\/ministere2\/2008\/05\/04\/culte-franco-malgache-agape\/\">Culte franco-malgache + AGAPE<\/a><\/li><li><a href=\"https:\/\/fpmaam.org\/ministere2\/2008\/05\/04\/concert-groupe-instrumental\/\">Concert Groupe Instrumental<\/a><\/li><li><a href=\"https:\/\/fpmaam.org\/ministere2\/2008\/05\/04\/excursion-fpma-aix-marseille\/\">Excursion FPMA Aix Marseille<\/a><\/li><li><a href=\"https:\/\/fpmaam.org\/ministere2\/2008\/05\/04\/garden-party\/\">Garden Party<\/a><\/li><li><a href=\"https:\/\/fpmaam.org\/ministere2\/2008\/05\/04\/11-mai-pentecote\/\">11 mai &#8211; Pentec\u00f4te<\/a><\/li><li><a href=\"https:\/\/fpmaam.org\/ministere2\/2008\/05\/04\/8-mai-kermesse-sekoly-alahady\/\">8 mai &#8211; Kermesse Sekoly Alahady<\/a><\/li><li><a href=\"https:\/\/fpmaam.org\/ministere2\/2004\/11\/06\/temoigner-de-leglise-universelle-journee-pour-madagascar-2004\/\">TEMOIGNER DE L&rsquo;EGLISE UNIVERSELLE &#8211; Journ\u00e9e pour Madagascar 2004<\/a><\/li><\/ul>\n","protected":false},"excerpt":{"rendered":"<p>&nbsp; &nbsp; &nbsp; &nbsp; &nbsp; &nbsp; &nbsp; &nbsp; &nbsp; &nbsp; &nbsp; &nbsp; &nbsp; Nos objectifs : Eduquer et former chaque personne \u00e0 \u00eatre un serviteur de Dieu, responsable, active, autonome et d\u00e9brouillarde pour faire \u00e0 la vie. Le cadre d&rsquo;\u00e9ducation : &nbsp; Une s\u00e9curit\u00e9 assur\u00e9e par l&rsquo;affiliation aux EEUDF &nbsp; &nbsp; &nbsp; Une \u00e9ducation Tily &hellip; <a href=\"https:\/\/fpmaam.org\/ministere2\/sengager\/sections-sampana\/tily-scouts\/\" class=\"more-link\">Continuer la lecture<span class=\"screen-reader-text\"> de &laquo;&nbsp;Tily &#8211; scouts&nbsp;&raquo;<\/span><\/a><\/p>\n","protected":false},"author":1,"featured_media":0,"parent":411,"menu_order":5,"comment_status":"open","ping_status":"open","template":"","meta":{"footnotes":""},"class_list":["post-1955","page","type-page","status-publish","hentry"],"yoast_head":"<!-- This site is optimized with the Yoast SEO plugin v26.8 - https:\/\/yoast.com\/product\/yoast-seo-wordpress\/ -->\n<title>Tily - scouts - FPMA Aix Marseille - EGLISE PROTESTANTE MALGACHE EN FRANCE<\/title>\n<meta name=\"robots\" content=\"index, follow, max-snippet:-1, max-image-preview:large, max-video-preview:-1\" \/>\n<link rel=\"canonical\" href=\"https:\/\/fpmaam.org\/ministere2\/sengager\/sections-sampana\/tily-scouts\/\" \/>\n<meta property=\"og:locale\" content=\"fr_FR\" \/>\n<meta property=\"og:type\" content=\"article\" \/>\n<meta property=\"og:title\" content=\"Tily - scouts - FPMA Aix Marseille - EGLISE PROTESTANTE MALGACHE EN FRANCE\" \/>\n<meta property=\"og:description\" content=\"&nbsp; &nbsp; &nbsp; &nbsp; &nbsp; &nbsp; &nbsp; &nbsp; &nbsp; &nbsp; &nbsp; &nbsp; &nbsp; Nos objectifs : Eduquer et former chaque personne \u00e0 \u00eatre un serviteur de Dieu, responsable, active, autonome et d\u00e9brouillarde pour faire \u00e0 la vie. Le cadre d&rsquo;\u00e9ducation : &nbsp; Une s\u00e9curit\u00e9 assur\u00e9e par l&rsquo;affiliation aux EEUDF &nbsp; &nbsp; &nbsp; Une \u00e9ducation Tily &hellip; Continuer la lecture de &laquo;&nbsp;Tily &#8211; scouts&nbsp;&raquo;\" \/>\n<meta property=\"og:url\" content=\"https:\/\/fpmaam.org\/ministere2\/sengager\/sections-sampana\/tily-scouts\/\" \/>\n<meta property=\"og:site_name\" content=\"FPMA Aix Marseille - EGLISE PROTESTANTE MALGACHE EN FRANCE\" \/>\n<meta property=\"article:modified_time\" content=\"2014-01-21T22:58:07+00:00\" \/>\n<meta property=\"og:image\" content=\"https:\/\/fpmaam.org\/ministere\/wp-content\/uploads\/2014\/01\/IMG_0324-1024x764.jpg\" \/>\n<meta name=\"twitter:card\" content=\"summary_large_image\" \/>\n<meta name=\"twitter:label1\" content=\"Dur\u00e9e de lecture estim\u00e9e\" \/>\n\t<meta name=\"twitter:data1\" content=\"1 minute\" \/>\n<script type=\"application\/ld+json\" class=\"yoast-schema-graph\">{\"@context\":\"https:\/\/schema.org\",\"@graph\":[{\"@type\":\"WebPage\",\"@id\":\"https:\/\/fpmaam.org\/ministere2\/sengager\/sections-sampana\/tily-scouts\/\",\"url\":\"https:\/\/fpmaam.org\/ministere2\/sengager\/sections-sampana\/tily-scouts\/\",\"name\":\"Tily - scouts - FPMA Aix Marseille - EGLISE PROTESTANTE MALGACHE EN FRANCE\",\"isPartOf\":{\"@id\":\"https:\/\/fpmaam.org\/ministere2\/#website\"},\"primaryImageOfPage\":{\"@id\":\"https:\/\/fpmaam.org\/ministere2\/sengager\/sections-sampana\/tily-scouts\/#primaryimage\"},\"image\":{\"@id\":\"https:\/\/fpmaam.org\/ministere2\/sengager\/sections-sampana\/tily-scouts\/#primaryimage\"},\"thumbnailUrl\":\"https:\/\/fpmaam.org\/ministere\/wp-content\/uploads\/2014\/01\/IMG_0324-1024x764.jpg\",\"datePublished\":\"2014-01-20T00:00:30+00:00\",\"dateModified\":\"2014-01-21T22:58:07+00:00\",\"breadcrumb\":{\"@id\":\"https:\/\/fpmaam.org\/ministere2\/sengager\/sections-sampana\/tily-scouts\/#breadcrumb\"},\"inLanguage\":\"fr-FR\",\"potentialAction\":[{\"@type\":\"ReadAction\",\"target\":[\"https:\/\/fpmaam.org\/ministere2\/sengager\/sections-sampana\/tily-scouts\/\"]}]},{\"@type\":\"ImageObject\",\"inLanguage\":\"fr-FR\",\"@id\":\"https:\/\/fpmaam.org\/ministere2\/sengager\/sections-sampana\/tily-scouts\/#primaryimage\",\"url\":\"https:\/\/fpmaam.org\/ministere\/wp-content\/uploads\/2014\/01\/IMG_0324-1024x764.jpg\",\"contentUrl\":\"https:\/\/fpmaam.org\/ministere\/wp-content\/uploads\/2014\/01\/IMG_0324-1024x764.jpg\"},{\"@type\":\"BreadcrumbList\",\"@id\":\"https:\/\/fpmaam.org\/ministere2\/sengager\/sections-sampana\/tily-scouts\/#breadcrumb\",\"itemListElement\":[{\"@type\":\"ListItem\",\"position\":1,\"name\":\"Accueil\",\"item\":\"https:\/\/fpmaam.org\/ministere2\/\"},{\"@type\":\"ListItem\",\"position\":2,\"name\":\"Engager&#8230;\",\"item\":\"https:\/\/fpmaam.org\/ministere2\/sengager\/\"},{\"@type\":\"ListItem\",\"position\":3,\"name\":\"&#8230; ses dons !\",\"item\":\"https:\/\/fpmaam.org\/ministere2\/sengager\/sections-sampana\/\"},{\"@type\":\"ListItem\",\"position\":4,\"name\":\"Tily &#8211; scouts\"}]},{\"@type\":\"WebSite\",\"@id\":\"https:\/\/fpmaam.org\/ministere2\/#website\",\"url\":\"https:\/\/fpmaam.org\/ministere2\/\",\"name\":\"FPMA Aix Marseille - EGLISE PROTESTANTE MALGACHE EN FRANCE\",\"description\":\"\",\"publisher\":{\"@id\":\"https:\/\/fpmaam.org\/ministere2\/#organization\"},\"potentialAction\":[{\"@type\":\"SearchAction\",\"target\":{\"@type\":\"EntryPoint\",\"urlTemplate\":\"https:\/\/fpmaam.org\/ministere2\/?s={search_term_string}\"},\"query-input\":{\"@type\":\"PropertyValueSpecification\",\"valueRequired\":true,\"valueName\":\"search_term_string\"}}],\"inLanguage\":\"fr-FR\"},{\"@type\":\"Organization\",\"@id\":\"https:\/\/fpmaam.org\/ministere2\/#organization\",\"name\":\"FPMA Aix Marseille - EGLISE PROTESTANTE MALGACHE EN FRANCE\",\"url\":\"https:\/\/fpmaam.org\/ministere2\/\",\"logo\":{\"@type\":\"ImageObject\",\"inLanguage\":\"fr-FR\",\"@id\":\"https:\/\/fpmaam.org\/ministere2\/#\/schema\/logo\/image\/\",\"url\":\"https:\/\/fpmaam.org\/ministere2\/wp-content\/uploads\/2025\/03\/cropped-fpmaam_logo.png\",\"contentUrl\":\"https:\/\/fpmaam.org\/ministere2\/wp-content\/uploads\/2025\/03\/cropped-fpmaam_logo.png\",\"width\":240,\"height\":240,\"caption\":\"FPMA Aix Marseille - EGLISE PROTESTANTE MALGACHE EN FRANCE\"},\"image\":{\"@id\":\"https:\/\/fpmaam.org\/ministere2\/#\/schema\/logo\/image\/\"}}]}<\/script>\n<!-- \/ Yoast SEO plugin. -->","yoast_head_json":{"title":"Tily - scouts - FPMA Aix Marseille - EGLISE PROTESTANTE MALGACHE EN FRANCE","robots":{"index":"index","follow":"follow","max-snippet":"max-snippet:-1","max-image-preview":"max-image-preview:large","max-video-preview":"max-video-preview:-1"},"canonical":"https:\/\/fpmaam.org\/ministere2\/sengager\/sections-sampana\/tily-scouts\/","og_locale":"fr_FR","og_type":"article","og_title":"Tily - scouts - FPMA Aix Marseille - EGLISE PROTESTANTE MALGACHE EN FRANCE","og_description":"&nbsp; &nbsp; &nbsp; &nbsp; &nbsp; &nbsp; &nbsp; &nbsp; &nbsp; &nbsp; &nbsp; &nbsp; &nbsp; Nos objectifs : Eduquer et former chaque personne \u00e0 \u00eatre un serviteur de Dieu, responsable, active, autonome et d\u00e9brouillarde pour faire \u00e0 la vie. Le cadre d&rsquo;\u00e9ducation : &nbsp; Une s\u00e9curit\u00e9 assur\u00e9e par l&rsquo;affiliation aux EEUDF &nbsp; &nbsp; &nbsp; Une \u00e9ducation Tily &hellip; Continuer la lecture de &laquo;&nbsp;Tily &#8211; scouts&nbsp;&raquo;","og_url":"https:\/\/fpmaam.org\/ministere2\/sengager\/sections-sampana\/tily-scouts\/","og_site_name":"FPMA Aix Marseille - EGLISE PROTESTANTE MALGACHE EN FRANCE","article_modified_time":"2014-01-21T22:58:07+00:00","og_image":[{"url":"https:\/\/fpmaam.org\/ministere\/wp-content\/uploads\/2014\/01\/IMG_0324-1024x764.jpg","type":"","width":"","height":""}],"twitter_card":"summary_large_image","twitter_misc":{"Dur\u00e9e de lecture estim\u00e9e":"1 minute"},"schema":{"@context":"https:\/\/schema.org","@graph":[{"@type":"WebPage","@id":"https:\/\/fpmaam.org\/ministere2\/sengager\/sections-sampana\/tily-scouts\/","url":"https:\/\/fpmaam.org\/ministere2\/sengager\/sections-sampana\/tily-scouts\/","name":"Tily - scouts - FPMA Aix Marseille - EGLISE PROTESTANTE MALGACHE EN FRANCE","isPartOf":{"@id":"https:\/\/fpmaam.org\/ministere2\/#website"},"primaryImageOfPage":{"@id":"https:\/\/fpmaam.org\/ministere2\/sengager\/sections-sampana\/tily-scouts\/#primaryimage"},"image":{"@id":"https:\/\/fpmaam.org\/ministere2\/sengager\/sections-sampana\/tily-scouts\/#primaryimage"},"thumbnailUrl":"https:\/\/fpmaam.org\/ministere\/wp-content\/uploads\/2014\/01\/IMG_0324-1024x764.jpg","datePublished":"2014-01-20T00:00:30+00:00","dateModified":"2014-01-21T22:58:07+00:00","breadcrumb":{"@id":"https:\/\/fpmaam.org\/ministere2\/sengager\/sections-sampana\/tily-scouts\/#breadcrumb"},"inLanguage":"fr-FR","potentialAction":[{"@type":"ReadAction","target":["https:\/\/fpmaam.org\/ministere2\/sengager\/sections-sampana\/tily-scouts\/"]}]},{"@type":"ImageObject","inLanguage":"fr-FR","@id":"https:\/\/fpmaam.org\/ministere2\/sengager\/sections-sampana\/tily-scouts\/#primaryimage","url":"https:\/\/fpmaam.org\/ministere\/wp-content\/uploads\/2014\/01\/IMG_0324-1024x764.jpg","contentUrl":"https:\/\/fpmaam.org\/ministere\/wp-content\/uploads\/2014\/01\/IMG_0324-1024x764.jpg"},{"@type":"BreadcrumbList","@id":"https:\/\/fpmaam.org\/ministere2\/sengager\/sections-sampana\/tily-scouts\/#breadcrumb","itemListElement":[{"@type":"ListItem","position":1,"name":"Accueil","item":"https:\/\/fpmaam.org\/ministere2\/"},{"@type":"ListItem","position":2,"name":"Engager&#8230;","item":"https:\/\/fpmaam.org\/ministere2\/sengager\/"},{"@type":"ListItem","position":3,"name":"&#8230; ses dons !","item":"https:\/\/fpmaam.org\/ministere2\/sengager\/sections-sampana\/"},{"@type":"ListItem","position":4,"name":"Tily &#8211; scouts"}]},{"@type":"WebSite","@id":"https:\/\/fpmaam.org\/ministere2\/#website","url":"https:\/\/fpmaam.org\/ministere2\/","name":"FPMA Aix Marseille - EGLISE PROTESTANTE MALGACHE EN FRANCE","description":"","publisher":{"@id":"https:\/\/fpmaam.org\/ministere2\/#organization"},"potentialAction":[{"@type":"SearchAction","target":{"@type":"EntryPoint","urlTemplate":"https:\/\/fpmaam.org\/ministere2\/?s={search_term_string}"},"query-input":{"@type":"PropertyValueSpecification","valueRequired":true,"valueName":"search_term_string"}}],"inLanguage":"fr-FR"},{"@type":"Organization","@id":"https:\/\/fpmaam.org\/ministere2\/#organization","name":"FPMA Aix Marseille - EGLISE PROTESTANTE MALGACHE EN FRANCE","url":"https:\/\/fpmaam.org\/ministere2\/","logo":{"@type":"ImageObject","inLanguage":"fr-FR","@id":"https:\/\/fpmaam.org\/ministere2\/#\/schema\/logo\/image\/","url":"https:\/\/fpmaam.org\/ministere2\/wp-content\/uploads\/2025\/03\/cropped-fpmaam_logo.png","contentUrl":"https:\/\/fpmaam.org\/ministere2\/wp-content\/uploads\/2025\/03\/cropped-fpmaam_logo.png","width":240,"height":240,"caption":"FPMA Aix Marseille - EGLISE PROTESTANTE MALGACHE EN FRANCE"},"image":{"@id":"https:\/\/fpmaam.org\/ministere2\/#\/schema\/logo\/image\/"}}]}},"_links":{"self":[{"href":"https:\/\/fpmaam.org\/ministere2\/wp-json\/wp\/v2\/pages\/1955","targetHints":{"allow":["GET"]}}],"collection":[{"href":"https:\/\/fpmaam.org\/ministere2\/wp-json\/wp\/v2\/pages"}],"about":[{"href":"https:\/\/fpmaam.org\/ministere2\/wp-json\/wp\/v2\/types\/page"}],"author":[{"embeddable":true,"href":"https:\/\/fpmaam.org\/ministere2\/wp-json\/wp\/v2\/users\/1"}],"replies":[{"embeddable":true,"href":"https:\/\/fpmaam.org\/ministere2\/wp-json\/wp\/v2\/comments?post=1955"}],"version-history":[{"count":8,"href":"https:\/\/fpmaam.org\/ministere2\/wp-json\/wp\/v2\/pages\/1955\/revisions"}],"predecessor-version":[{"id":1973,"href":"https:\/\/fpmaam.org\/ministere2\/wp-json\/wp\/v2\/pages\/1955\/revisions\/1973"}],"up":[{"embeddable":true,"href":"https:\/\/fpmaam.org\/ministere2\/wp-json\/wp\/v2\/pages\/411"}],"wp:attachment":[{"href":"https:\/\/fpmaam.org\/ministere2\/wp-json\/wp\/v2\/media?parent=1955"}],"curies":[{"name":"wp","href":"https:\/\/api.w.org\/{rel}","templated":true}]}}